{"id":17,"date":"2017-08-11T13:01:46","date_gmt":"2017-08-11T13:01:46","guid":{"rendered":"https:\/\/atixscripts.info\/demo\/minimag\/?page_id=17"},"modified":"2017-08-11T13:01:46","modified_gmt":"2017-08-11T13:01:46","slug":"minimag-homepage-7","status":"publish","type":"page","link":"https:\/\/times.cd\/index.php\/minimag-homepage-7\/","title":{"rendered":"Minimag Homepage 7"},"content":{"rendered":"<p>[vc_row][vc_column][\/vc_column][\/vc_row][vc_row spadding=\u00a0\u00bbspaddingtop\u00a0\u00bb][vc_column]\t\r\n\t<!-- Page Content -->\r\n\t<div class=\"container-fluid no-left-padding no-right-padding post-3-column\">\r\n\t\t<!-- Container -->\r\n\t\t<div class=\"container no-padding\">\r\n\t\t\t<div class=\"row\">\r\n\t\t\t\t<!-- Content Area -->\r\n\t\t\t\t<div class=\"col-lg-12 col-md-12 content-area\">\r\n\t\t\t\t\t<!-- Row -->\r\n\t\t\t\t\t<div class=\"row\">\r\n\t\t\t\t\t\t\t\t\t\t\t\t\t\t<div class=\"col-lg-4 col-md-6 col-sm-6\">\r\n\t\t\t\t\t\t\t\t\t<div class=\"post-11552 post type-post status-publish format-standard has-post-thumbnail hentry category-politique\">\r\n\t\t\t\t\t\t\t\t\t\t\t\t\t\t\t\t\t\t\t\t\t\t<div class=\"entry-cover\">\r\n\t\t\t\t\t\t\t\t\t\t\t\t\t<div class=\"post-meta\">\r\n\t\t\t\t\t\t\t\t\t\t\t\t\t\t<span class=\"byline\">by\t\t\t\t\t\t\t\t\t\t\t\t\t\t\t<a href=\"https:\/\/times.cd\/index.php\/author\/times_cd\/\" title=\"times_cd\">times_cd<\/a>\r\n\t\t\t\t\t\t\t\t\t\t\t\t\t\t<\/span>\r\n\t\t\t\t\t\t\t\t\t\t\t\t\t\t<span class=\"post-date\">\r\n\t\t\t\t\t\t\t\t\t\t\t\t\t\t\t<a href=\"https:\/\/times.cd\/index.php\/2026\/05\/02\/kin-les-travaux-du-projet-topetola-avancent-significativement-a-limete\/\">02\/05\/2026<\/a>\r\n\t\t\t\t\t\t\t\t\t\t\t\t\t\t<\/span>\r\n\t\t\t\t\t\t\t\t\t\t\t\t\t<\/div>\r\n\t\t\t\t\t\t\t\t\t\t\t\t\t<a href=\"https:\/\/times.cd\/index.php\/2026\/05\/02\/kin-les-travaux-du-projet-topetola-avancent-significativement-a-limete\/\">\r\n\t\t\t\t\t\t\t\t\t\t\t\t\t\t<img loading=\"lazy\" decoding=\"async\" width=\"370\" height=\"247\" src=\"https:\/\/times.cd\/wp-content\/uploads\/2026\/05\/FB_IMG_1777713328295-370x247.jpg\" class=\"attachment-minimag_370_247 size-minimag_370_247 wp-post-image\" alt=\"\" srcset=\"https:\/\/times.cd\/wp-content\/uploads\/2026\/05\/FB_IMG_1777713328295-370x247.jpg 370w, https:\/\/times.cd\/wp-content\/uploads\/2026\/05\/FB_IMG_1777713328295-300x201.jpg 300w, https:\/\/times.cd\/wp-content\/uploads\/2026\/05\/FB_IMG_1777713328295-345x230.jpg 345w, https:\/\/times.cd\/wp-content\/uploads\/2026\/05\/FB_IMG_1777713328295-770x513.jpg 770w, https:\/\/times.cd\/wp-content\/uploads\/2026\/05\/FB_IMG_1777713328295-440x294.jpg 440w, https:\/\/times.cd\/wp-content\/uploads\/2026\/05\/FB_IMG_1777713328295-570x380.jpg 570w, https:\/\/times.cd\/wp-content\/uploads\/2026\/05\/FB_IMG_1777713328295-170x113.jpg 170w, https:\/\/times.cd\/wp-content\/uploads\/2026\/05\/FB_IMG_1777713328295.jpg 877w\" sizes=\"(max-width: 370px) 100vw, 370px\" \/>\t\t\t\t\t\t\t\t\t\t\t\t\t<\/a>\r\n\t\t\t\t\t\t\t\t\t\t\t\t<\/div>\r\n\t\t\t\t\t\t\t\t\t\t\t\t\t\t\t\t\t\t\t\t\t\t<div class=\"entry-content\">\r\n\t\t\t\t\t\t\t\t\t\t\t<div class=\"entry-header\">\r\n\t\t\t\t\t\t\t\t\t\t\t\t\t\t\t\t\t\t\t\t\t\t\t\t\t<span class=\"post-category\">\r\n\t\t\t\t\t\t\t\t\t\t\t\t\t\t<a href=\"https:\/\/times.cd\/index.php\/category\/politique\/\" rel=\"category tag\">politique<\/a>\t\t\t\t\t\t\t\t\t\t\t\t\t<\/span>\r\n\t\t\t\t\t\t\t\t\t\t\t\t\t\t\t\t\t\t\t\t\t\t\t\t\t<h3 class=\"entry-title\">\r\n\t\t\t\t\t\t\t\t\t\t\t\t\t<a href=\"https:\/\/times.cd\/index.php\/2026\/05\/02\/kin-les-travaux-du-projet-topetola-avancent-significativement-a-limete\/\" title=\"Kin: les travaux du projet Topetola avancent significativement \u00e0 Limete\">Kin: les travaux du projet Topetola avancent significativement \u00e0 Limete<\/a>\r\n\t\t\t\t\t\t\t\t\t\t\t\t<\/h3>\r\n\t\t\t\t\t\t\t\t\t\t\t<\/div>\r\n\t\t\t\t\t\t\t\t\t\t\t<p>Les travaux r\u00e9alis\u00e9s dans le cadre du projet \u00ab Topetola \u00bb connaissent une \u00e9volution jug\u00e9e tr\u00e8s positive dans la commune de Limete, \u00e0 Kinshasa. Une ...<\/p>\r\n\t\t\t\t\t\t\t\t\t\t\t<a href=\"https:\/\/times.cd\/index.php\/2026\/05\/02\/kin-les-travaux-du-projet-topetola-avancent-significativement-a-limete\/\" title=\"Read More\">\r\n\t\t\t\t\t\t\t\t\t\t\t\tRead More\t\t\t\t\t\t\t\t\t\t\t<\/a>\r\n\t\t\t\t\t\t\t\t\t\t<\/div>\r\n\t\t\t\t\t\t\t\t\t<\/div>\r\n\t\t\t\t\t\t\t\t<\/div>\r\n\t\t\t\t\t\t\t\t\t\t\t\t\t\t\t\t<div class=\"col-lg-4 col-md-6 col-sm-6\">\r\n\t\t\t\t\t\t\t\t\t<div class=\"post-11548 post type-post status-publish format-standard has-post-thumbnail hentry category-politique\">\r\n\t\t\t\t\t\t\t\t\t\t\t\t\t\t\t\t\t\t\t\t\t\t<div class=\"entry-cover\">\r\n\t\t\t\t\t\t\t\t\t\t\t\t\t<div class=\"post-meta\">\r\n\t\t\t\t\t\t\t\t\t\t\t\t\t\t<span class=\"byline\">by\t\t\t\t\t\t\t\t\t\t\t\t\t\t\t<a href=\"https:\/\/times.cd\/index.php\/author\/times_cd\/\" title=\"times_cd\">times_cd<\/a>\r\n\t\t\t\t\t\t\t\t\t\t\t\t\t\t<\/span>\r\n\t\t\t\t\t\t\t\t\t\t\t\t\t\t<span class=\"post-date\">\r\n\t\t\t\t\t\t\t\t\t\t\t\t\t\t\t<a href=\"https:\/\/times.cd\/index.php\/2026\/05\/02\/grand-kasai-les-universites-modernes-un-investissement-conteste-par-jean-marc-kabund-mais-vite-recadre-par-labbe-blaise-kanda\/\">02\/05\/2026<\/a>\r\n\t\t\t\t\t\t\t\t\t\t\t\t\t\t<\/span>\r\n\t\t\t\t\t\t\t\t\t\t\t\t\t<\/div>\r\n\t\t\t\t\t\t\t\t\t\t\t\t\t<a href=\"https:\/\/times.cd\/index.php\/2026\/05\/02\/grand-kasai-les-universites-modernes-un-investissement-conteste-par-jean-marc-kabund-mais-vite-recadre-par-labbe-blaise-kanda\/\">\r\n\t\t\t\t\t\t\t\t\t\t\t\t\t\t<img loading=\"lazy\" decoding=\"async\" width=\"370\" height=\"247\" src=\"https:\/\/times.cd\/wp-content\/uploads\/2026\/05\/FB_IMG_1777713090972-370x247.jpg\" class=\"attachment-minimag_370_247 size-minimag_370_247 wp-post-image\" alt=\"\" srcset=\"https:\/\/times.cd\/wp-content\/uploads\/2026\/05\/FB_IMG_1777713090972-370x247.jpg 370w, https:\/\/times.cd\/wp-content\/uploads\/2026\/05\/FB_IMG_1777713090972-345x230.jpg 345w, https:\/\/times.cd\/wp-content\/uploads\/2026\/05\/FB_IMG_1777713090972-770x513.jpg 770w, https:\/\/times.cd\/wp-content\/uploads\/2026\/05\/FB_IMG_1777713090972-440x294.jpg 440w, https:\/\/times.cd\/wp-content\/uploads\/2026\/05\/FB_IMG_1777713090972-570x380.jpg 570w, https:\/\/times.cd\/wp-content\/uploads\/2026\/05\/FB_IMG_1777713090972-170x113.jpg 170w\" sizes=\"(max-width: 370px) 100vw, 370px\" \/>\t\t\t\t\t\t\t\t\t\t\t\t\t<\/a>\r\n\t\t\t\t\t\t\t\t\t\t\t\t<\/div>\r\n\t\t\t\t\t\t\t\t\t\t\t\t\t\t\t\t\t\t\t\t\t\t<div class=\"entry-content\">\r\n\t\t\t\t\t\t\t\t\t\t\t<div class=\"entry-header\">\r\n\t\t\t\t\t\t\t\t\t\t\t\t\t\t\t\t\t\t\t\t\t\t\t\t\t<span class=\"post-category\">\r\n\t\t\t\t\t\t\t\t\t\t\t\t\t\t<a href=\"https:\/\/times.cd\/index.php\/category\/politique\/\" rel=\"category tag\">politique<\/a>\t\t\t\t\t\t\t\t\t\t\t\t\t<\/span>\r\n\t\t\t\t\t\t\t\t\t\t\t\t\t\t\t\t\t\t\t\t\t\t\t\t\t<h3 class=\"entry-title\">\r\n\t\t\t\t\t\t\t\t\t\t\t\t\t<a href=\"https:\/\/times.cd\/index.php\/2026\/05\/02\/grand-kasai-les-universites-modernes-un-investissement-conteste-par-jean-marc-kabund-mais-vite-recadre-par-labbe-blaise-kanda\/\" title=\"Grand-Kasa\u00ef : les universit\u00e9s modernes, un investissement contest\u00e9 par Jean-Marc Kabund mais vite recadr\u00e9 par l\u2019abb\u00e9 Blaise Kanda\">Grand-Kasa\u00ef : les universit\u00e9s modernes, un investissement contest\u00e9 par Jean-Marc Kabund mais vite recadr\u00e9 par l\u2019abb\u00e9 Blaise Kanda<\/a>\r\n\t\t\t\t\t\t\t\t\t\t\t\t<\/h3>\r\n\t\t\t\t\t\t\t\t\t\t\t<\/div>\r\n\t\t\t\t\t\t\t\t\t\t\t<p>Un d\u00e9bat vif anime actuellement l\u2019opinion publique dans l\u2019espace du Grand-Kasa\u00ef autour de la pertinence des universit\u00e9s modernes r\u00e9cemment construites dans deux villes phares : ...<\/p>\r\n\t\t\t\t\t\t\t\t\t\t\t<a href=\"https:\/\/times.cd\/index.php\/2026\/05\/02\/grand-kasai-les-universites-modernes-un-investissement-conteste-par-jean-marc-kabund-mais-vite-recadre-par-labbe-blaise-kanda\/\" title=\"Read More\">\r\n\t\t\t\t\t\t\t\t\t\t\t\tRead More\t\t\t\t\t\t\t\t\t\t\t<\/a>\r\n\t\t\t\t\t\t\t\t\t\t<\/div>\r\n\t\t\t\t\t\t\t\t\t<\/div>\r\n\t\t\t\t\t\t\t\t<\/div>\r\n\t\t\t\t\t\t\t\t\t\t\t\t\t\t\t\t<div class=\"col-lg-4 col-md-6 col-sm-6\">\r\n\t\t\t\t\t\t\t\t\t<div class=\"post-11545 post type-post status-publish format-standard has-post-thumbnail hentry category-economie\">\r\n\t\t\t\t\t\t\t\t\t\t\t\t\t\t\t\t\t\t\t\t\t\t<div class=\"entry-cover\">\r\n\t\t\t\t\t\t\t\t\t\t\t\t\t<div class=\"post-meta\">\r\n\t\t\t\t\t\t\t\t\t\t\t\t\t\t<span class=\"byline\">by\t\t\t\t\t\t\t\t\t\t\t\t\t\t\t<a href=\"https:\/\/times.cd\/index.php\/author\/times_cd\/\" title=\"times_cd\">times_cd<\/a>\r\n\t\t\t\t\t\t\t\t\t\t\t\t\t\t<\/span>\r\n\t\t\t\t\t\t\t\t\t\t\t\t\t\t<span class=\"post-date\">\r\n\t\t\t\t\t\t\t\t\t\t\t\t\t\t\t<a href=\"https:\/\/times.cd\/index.php\/2026\/04\/30\/egpt-doudou-fwamba-presente-une-fiscalite-moderne-capable-a-la-fois-de-remplir-les-caisses-de-letat-et-de-ne-pas-faire-fuir-les-operateurs-telecoms\/\">30\/04\/2026<\/a>\r\n\t\t\t\t\t\t\t\t\t\t\t\t\t\t<\/span>\r\n\t\t\t\t\t\t\t\t\t\t\t\t\t<\/div>\r\n\t\t\t\t\t\t\t\t\t\t\t\t\t<a href=\"https:\/\/times.cd\/index.php\/2026\/04\/30\/egpt-doudou-fwamba-presente-une-fiscalite-moderne-capable-a-la-fois-de-remplir-les-caisses-de-letat-et-de-ne-pas-faire-fuir-les-operateurs-telecoms\/\">\r\n\t\t\t\t\t\t\t\t\t\t\t\t\t\t<img loading=\"lazy\" decoding=\"async\" width=\"370\" height=\"247\" src=\"https:\/\/times.cd\/wp-content\/uploads\/2026\/04\/FB_IMG_1777562808043-370x247.jpg\" class=\"attachment-minimag_370_247 size-minimag_370_247 wp-post-image\" alt=\"\" srcset=\"https:\/\/times.cd\/wp-content\/uploads\/2026\/04\/FB_IMG_1777562808043-370x247.jpg 370w, https:\/\/times.cd\/wp-content\/uploads\/2026\/04\/FB_IMG_1777562808043-300x200.jpg 300w, https:\/\/times.cd\/wp-content\/uploads\/2026\/04\/FB_IMG_1777562808043-1024x682.jpg 1024w, https:\/\/times.cd\/wp-content\/uploads\/2026\/04\/FB_IMG_1777562808043-768x512.jpg 768w, https:\/\/times.cd\/wp-content\/uploads\/2026\/04\/FB_IMG_1777562808043-345x230.jpg 345w, https:\/\/times.cd\/wp-content\/uploads\/2026\/04\/FB_IMG_1777562808043-770x513.jpg 770w, https:\/\/times.cd\/wp-content\/uploads\/2026\/04\/FB_IMG_1777562808043-440x294.jpg 440w, https:\/\/times.cd\/wp-content\/uploads\/2026\/04\/FB_IMG_1777562808043-570x380.jpg 570w, https:\/\/times.cd\/wp-content\/uploads\/2026\/04\/FB_IMG_1777562808043-170x113.jpg 170w, https:\/\/times.cd\/wp-content\/uploads\/2026\/04\/FB_IMG_1777562808043.jpg 1280w\" sizes=\"(max-width: 370px) 100vw, 370px\" \/>\t\t\t\t\t\t\t\t\t\t\t\t\t<\/a>\r\n\t\t\t\t\t\t\t\t\t\t\t\t<\/div>\r\n\t\t\t\t\t\t\t\t\t\t\t\t\t\t\t\t\t\t\t\t\t\t<div class=\"entry-content\">\r\n\t\t\t\t\t\t\t\t\t\t\t<div class=\"entry-header\">\r\n\t\t\t\t\t\t\t\t\t\t\t\t\t\t\t\t\t\t\t\t\t\t\t\t\t<span class=\"post-category\">\r\n\t\t\t\t\t\t\t\t\t\t\t\t\t\t<a href=\"https:\/\/times.cd\/index.php\/category\/economie\/\" rel=\"category tag\">\u00e9conomie<\/a>\t\t\t\t\t\t\t\t\t\t\t\t\t<\/span>\r\n\t\t\t\t\t\t\t\t\t\t\t\t\t\t\t\t\t\t\t\t\t\t\t\t\t<h3 class=\"entry-title\">\r\n\t\t\t\t\t\t\t\t\t\t\t\t\t<a href=\"https:\/\/times.cd\/index.php\/2026\/04\/30\/egpt-doudou-fwamba-presente-une-fiscalite-moderne-capable-a-la-fois-de-remplir-les-caisses-de-letat-et-de-ne-pas-faire-fuir-les-operateurs-telecoms\/\" title=\"EGPT: Doudou Fwamba pr\u00e9sente une fiscalit\u00e9 moderne, capable \u00e0 la fois de remplir les caisses de l\u2019\u00c9tat et de ne pas faire fuir les op\u00e9rateurs t\u00e9l\u00e9coms\">EGPT: Doudou Fwamba pr\u00e9sente une fiscalit\u00e9 moderne, capable \u00e0 la fois de remplir les caisses de l\u2019\u00c9tat et de ne pas faire fuir les op\u00e9rateurs t\u00e9l\u00e9coms<\/a>\r\n\t\t\t\t\t\t\t\t\t\t\t\t<\/h3>\r\n\t\t\t\t\t\t\t\t\t\t\t<\/div>\r\n\t\t\t\t\t\t\t\t\t\t\t<p>Lors des tr\u00e8s attendus \u00c9tats G\u00e9n\u00e9raux des PTNTIC, Doudou Fwamba a pr\u00e9sent\u00e9 une vision ambitieuse : une fiscalit\u00e9 moderne, capable \u00e0 la fois de remplir ...<\/p>\r\n\t\t\t\t\t\t\t\t\t\t\t<a href=\"https:\/\/times.cd\/index.php\/2026\/04\/30\/egpt-doudou-fwamba-presente-une-fiscalite-moderne-capable-a-la-fois-de-remplir-les-caisses-de-letat-et-de-ne-pas-faire-fuir-les-operateurs-telecoms\/\" title=\"Read More\">\r\n\t\t\t\t\t\t\t\t\t\t\t\tRead More\t\t\t\t\t\t\t\t\t\t\t<\/a>\r\n\t\t\t\t\t\t\t\t\t\t<\/div>\r\n\t\t\t\t\t\t\t\t\t<\/div>\r\n\t\t\t\t\t\t\t\t<\/div>\r\n\t\t\t\t\t\t\t\t\t\t\t\t\t\t\t\t<div class=\"col-lg-4 col-md-6 col-sm-6\">\r\n\t\t\t\t\t\t\t\t\t<div class=\"post-11542 post type-post status-publish format-standard has-post-thumbnail hentry category-economie\">\r\n\t\t\t\t\t\t\t\t\t\t\t\t\t\t\t\t\t\t\t\t\t\t<div class=\"entry-cover\">\r\n\t\t\t\t\t\t\t\t\t\t\t\t\t<div class=\"post-meta\">\r\n\t\t\t\t\t\t\t\t\t\t\t\t\t\t<span class=\"byline\">by\t\t\t\t\t\t\t\t\t\t\t\t\t\t\t<a href=\"https:\/\/times.cd\/index.php\/author\/times_cd\/\" title=\"times_cd\">times_cd<\/a>\r\n\t\t\t\t\t\t\t\t\t\t\t\t\t\t<\/span>\r\n\t\t\t\t\t\t\t\t\t\t\t\t\t\t<span class=\"post-date\">\r\n\t\t\t\t\t\t\t\t\t\t\t\t\t\t\t<a href=\"https:\/\/times.cd\/index.php\/2026\/04\/29\/semaine-francaise-la-rdc-peut-jouer-un-role-cle-dans-les-chaines-de-valeur-mondiales-liees-aux-energies-propresc-mutombo-representant-de-kibali-manning\/\">29\/04\/2026<\/a>\r\n\t\t\t\t\t\t\t\t\t\t\t\t\t\t<\/span>\r\n\t\t\t\t\t\t\t\t\t\t\t\t\t<\/div>\r\n\t\t\t\t\t\t\t\t\t\t\t\t\t<a href=\"https:\/\/times.cd\/index.php\/2026\/04\/29\/semaine-francaise-la-rdc-peut-jouer-un-role-cle-dans-les-chaines-de-valeur-mondiales-liees-aux-energies-propresc-mutombo-representant-de-kibali-manning\/\">\r\n\t\t\t\t\t\t\t\t\t\t\t\t\t\t<img loading=\"lazy\" decoding=\"async\" width=\"370\" height=\"247\" src=\"https:\/\/times.cd\/wp-content\/uploads\/2026\/04\/IMG-20260429-WA00911-1-370x247.jpg\" class=\"attachment-minimag_370_247 size-minimag_370_247 wp-post-image\" alt=\"\" srcset=\"https:\/\/times.cd\/wp-content\/uploads\/2026\/04\/IMG-20260429-WA00911-1-370x247.jpg 370w, https:\/\/times.cd\/wp-content\/uploads\/2026\/04\/IMG-20260429-WA00911-1-345x230.jpg 345w, https:\/\/times.cd\/wp-content\/uploads\/2026\/04\/IMG-20260429-WA00911-1-770x513.jpg 770w, https:\/\/times.cd\/wp-content\/uploads\/2026\/04\/IMG-20260429-WA00911-1-440x294.jpg 440w, https:\/\/times.cd\/wp-content\/uploads\/2026\/04\/IMG-20260429-WA00911-1-570x380.jpg 570w, https:\/\/times.cd\/wp-content\/uploads\/2026\/04\/IMG-20260429-WA00911-1-170x113.jpg 170w\" sizes=\"(max-width: 370px) 100vw, 370px\" \/>\t\t\t\t\t\t\t\t\t\t\t\t\t<\/a>\r\n\t\t\t\t\t\t\t\t\t\t\t\t<\/div>\r\n\t\t\t\t\t\t\t\t\t\t\t\t\t\t\t\t\t\t\t\t\t\t<div class=\"entry-content\">\r\n\t\t\t\t\t\t\t\t\t\t\t<div class=\"entry-header\">\r\n\t\t\t\t\t\t\t\t\t\t\t\t\t\t\t\t\t\t\t\t\t\t\t\t\t<span class=\"post-category\">\r\n\t\t\t\t\t\t\t\t\t\t\t\t\t\t<a href=\"https:\/\/times.cd\/index.php\/category\/economie\/\" rel=\"category tag\">\u00e9conomie<\/a>\t\t\t\t\t\t\t\t\t\t\t\t\t<\/span>\r\n\t\t\t\t\t\t\t\t\t\t\t\t\t\t\t\t\t\t\t\t\t\t\t\t\t<h3 class=\"entry-title\">\r\n\t\t\t\t\t\t\t\t\t\t\t\t\t<a href=\"https:\/\/times.cd\/index.php\/2026\/04\/29\/semaine-francaise-la-rdc-peut-jouer-un-role-cle-dans-les-chaines-de-valeur-mondiales-liees-aux-energies-propresc-mutombo-representant-de-kibali-manning\/\" title=\"Semaine fran\u00e7aise: \u00ab\u00a0la RDC peut jouer un r\u00f4le cl\u00e9 dans les cha\u00eenes de valeur mondiales li\u00e9es aux \u00e9nergies propres\u00a0\u00bb(C. Mutombo repr\u00e9sentant de Kibali Manning)\">Semaine fran\u00e7aise: \u00ab\u00a0la RDC peut jouer un r\u00f4le cl\u00e9 dans les cha\u00eenes de valeur mondiales li\u00e9es aux \u00e9nergies propres\u00a0\u00bb(C. Mutombo repr\u00e9sentant de Kibali Manning)<\/a>\r\n\t\t\t\t\t\t\t\t\t\t\t\t<\/h3>\r\n\t\t\t\t\t\t\t\t\t\t\t<\/div>\r\n\t\t\t\t\t\t\t\t\t\t\t<p>La neuvi\u00e8me \u00e9dition de la Semaine fran\u00e7aise de Kinshasa, lanc\u00e9e au Pullman Grand H\u00f4tel, met clairement en avant un objectif central : transformer le potentiel ...<\/p>\r\n\t\t\t\t\t\t\t\t\t\t\t<a href=\"https:\/\/times.cd\/index.php\/2026\/04\/29\/semaine-francaise-la-rdc-peut-jouer-un-role-cle-dans-les-chaines-de-valeur-mondiales-liees-aux-energies-propresc-mutombo-representant-de-kibali-manning\/\" title=\"Read More\">\r\n\t\t\t\t\t\t\t\t\t\t\t\tRead More\t\t\t\t\t\t\t\t\t\t\t<\/a>\r\n\t\t\t\t\t\t\t\t\t\t<\/div>\r\n\t\t\t\t\t\t\t\t\t<\/div>\r\n\t\t\t\t\t\t\t\t<\/div>\r\n\t\t\t\t\t\t\t\t\t\t\t\t\t\t\t\t<div class=\"col-lg-4 col-md-6 col-sm-6\">\r\n\t\t\t\t\t\t\t\t\t<div class=\"post-11536 post type-post status-publish format-standard has-post-thumbnail hentry category-economie\">\r\n\t\t\t\t\t\t\t\t\t\t\t\t\t\t\t\t\t\t\t\t\t\t<div class=\"entry-cover\">\r\n\t\t\t\t\t\t\t\t\t\t\t\t\t<div class=\"post-meta\">\r\n\t\t\t\t\t\t\t\t\t\t\t\t\t\t<span class=\"byline\">by\t\t\t\t\t\t\t\t\t\t\t\t\t\t\t<a href=\"https:\/\/times.cd\/index.php\/author\/times_cd\/\" title=\"times_cd\">times_cd<\/a>\r\n\t\t\t\t\t\t\t\t\t\t\t\t\t\t<\/span>\r\n\t\t\t\t\t\t\t\t\t\t\t\t\t\t<span class=\"post-date\">\r\n\t\t\t\t\t\t\t\t\t\t\t\t\t\t\t<a href=\"https:\/\/times.cd\/index.php\/2026\/04\/29\/semaine-francaise-la-rdc-pays-peut-jouer-un-role-cle-dans-les-chaines-de-valeur-mondiales-liees-aux-energies-propresc-mutombo-representant-de-kibali-manning\/\">29\/04\/2026<\/a>\r\n\t\t\t\t\t\t\t\t\t\t\t\t\t\t<\/span>\r\n\t\t\t\t\t\t\t\t\t\t\t\t\t<\/div>\r\n\t\t\t\t\t\t\t\t\t\t\t\t\t<a href=\"https:\/\/times.cd\/index.php\/2026\/04\/29\/semaine-francaise-la-rdc-pays-peut-jouer-un-role-cle-dans-les-chaines-de-valeur-mondiales-liees-aux-energies-propresc-mutombo-representant-de-kibali-manning\/\">\r\n\t\t\t\t\t\t\t\t\t\t\t\t\t\t<img loading=\"lazy\" decoding=\"async\" width=\"370\" height=\"247\" src=\"https:\/\/times.cd\/wp-content\/uploads\/2026\/04\/IMG-20260429-WA00911-370x247.jpg\" class=\"attachment-minimag_370_247 size-minimag_370_247 wp-post-image\" alt=\"\" srcset=\"https:\/\/times.cd\/wp-content\/uploads\/2026\/04\/IMG-20260429-WA00911-370x247.jpg 370w, https:\/\/times.cd\/wp-content\/uploads\/2026\/04\/IMG-20260429-WA00911-345x230.jpg 345w, https:\/\/times.cd\/wp-content\/uploads\/2026\/04\/IMG-20260429-WA00911-770x513.jpg 770w, https:\/\/times.cd\/wp-content\/uploads\/2026\/04\/IMG-20260429-WA00911-440x294.jpg 440w, https:\/\/times.cd\/wp-content\/uploads\/2026\/04\/IMG-20260429-WA00911-570x380.jpg 570w, https:\/\/times.cd\/wp-content\/uploads\/2026\/04\/IMG-20260429-WA00911-170x113.jpg 170w\" sizes=\"(max-width: 370px) 100vw, 370px\" \/>\t\t\t\t\t\t\t\t\t\t\t\t\t<\/a>\r\n\t\t\t\t\t\t\t\t\t\t\t\t<\/div>\r\n\t\t\t\t\t\t\t\t\t\t\t\t\t\t\t\t\t\t\t\t\t\t<div class=\"entry-content\">\r\n\t\t\t\t\t\t\t\t\t\t\t<div class=\"entry-header\">\r\n\t\t\t\t\t\t\t\t\t\t\t\t\t\t\t\t\t\t\t\t\t\t\t\t\t<span class=\"post-category\">\r\n\t\t\t\t\t\t\t\t\t\t\t\t\t\t<a href=\"https:\/\/times.cd\/index.php\/category\/economie\/\" rel=\"category tag\">\u00e9conomie<\/a>\t\t\t\t\t\t\t\t\t\t\t\t\t<\/span>\r\n\t\t\t\t\t\t\t\t\t\t\t\t\t\t\t\t\t\t\t\t\t\t\t\t\t<h3 class=\"entry-title\">\r\n\t\t\t\t\t\t\t\t\t\t\t\t\t<a href=\"https:\/\/times.cd\/index.php\/2026\/04\/29\/semaine-francaise-la-rdc-pays-peut-jouer-un-role-cle-dans-les-chaines-de-valeur-mondiales-liees-aux-energies-propresc-mutombo-representant-de-kibali-manning\/\" title=\"Semaine fran\u00e7aise: \u00ab\u00a0la RDC peut jouer un r\u00f4le cl\u00e9 dans les cha\u00eenes de valeur mondiales li\u00e9es aux \u00e9nergies propres\u00a0\u00bb(C. Mutombo repr\u00e9sentant de Kibali Manning)\">Semaine fran\u00e7aise: \u00ab\u00a0la RDC peut jouer un r\u00f4le cl\u00e9 dans les cha\u00eenes de valeur mondiales li\u00e9es aux \u00e9nergies propres\u00a0\u00bb(C. Mutombo repr\u00e9sentant de Kibali Manning)<\/a>\r\n\t\t\t\t\t\t\t\t\t\t\t\t<\/h3>\r\n\t\t\t\t\t\t\t\t\t\t\t<\/div>\r\n\t\t\t\t\t\t\t\t\t\t\t<p>La neuvi\u00e8me \u00e9dition de la Semaine fran\u00e7aise de Kinshasa, lanc\u00e9e au Pullman Grand H\u00f4tel, met clairement en avant un objectif central : transformer le potentiel ...<\/p>\r\n\t\t\t\t\t\t\t\t\t\t\t<a href=\"https:\/\/times.cd\/index.php\/2026\/04\/29\/semaine-francaise-la-rdc-pays-peut-jouer-un-role-cle-dans-les-chaines-de-valeur-mondiales-liees-aux-energies-propresc-mutombo-representant-de-kibali-manning\/\" title=\"Read More\">\r\n\t\t\t\t\t\t\t\t\t\t\t\tRead More\t\t\t\t\t\t\t\t\t\t\t<\/a>\r\n\t\t\t\t\t\t\t\t\t\t<\/div>\r\n\t\t\t\t\t\t\t\t\t<\/div>\r\n\t\t\t\t\t\t\t\t<\/div>\r\n\t\t\t\t\t\t\t\t\t\t\t\t\t\t\t\t<div class=\"col-lg-4 col-md-6 col-sm-6\">\r\n\t\t\t\t\t\t\t\t\t<div class=\"post-11530 post type-post status-publish format-standard has-post-thumbnail hentry category-culture\">\r\n\t\t\t\t\t\t\t\t\t\t\t\t\t\t\t\t\t\t\t\t\t\t<div class=\"entry-cover\">\r\n\t\t\t\t\t\t\t\t\t\t\t\t\t<div class=\"post-meta\">\r\n\t\t\t\t\t\t\t\t\t\t\t\t\t\t<span class=\"byline\">by\t\t\t\t\t\t\t\t\t\t\t\t\t\t\t<a href=\"https:\/\/times.cd\/index.php\/author\/times_cd\/\" title=\"times_cd\">times_cd<\/a>\r\n\t\t\t\t\t\t\t\t\t\t\t\t\t\t<\/span>\r\n\t\t\t\t\t\t\t\t\t\t\t\t\t\t<span class=\"post-date\">\r\n\t\t\t\t\t\t\t\t\t\t\t\t\t\t\t<a href=\"https:\/\/times.cd\/index.php\/2026\/04\/17\/kinshasa-quand-mike-kalambay-se-proclame-phenomene-national-et-meme-au-dela\/\">17\/04\/2026<\/a>\r\n\t\t\t\t\t\t\t\t\t\t\t\t\t\t<\/span>\r\n\t\t\t\t\t\t\t\t\t\t\t\t\t<\/div>\r\n\t\t\t\t\t\t\t\t\t\t\t\t\t<a href=\"https:\/\/times.cd\/index.php\/2026\/04\/17\/kinshasa-quand-mike-kalambay-se-proclame-phenomene-national-et-meme-au-dela\/\">\r\n\t\t\t\t\t\t\t\t\t\t\t\t\t\t<img loading=\"lazy\" decoding=\"async\" width=\"370\" height=\"247\" src=\"https:\/\/times.cd\/wp-content\/uploads\/2026\/04\/1776420950828-370x247.jpg\" class=\"attachment-minimag_370_247 size-minimag_370_247 wp-post-image\" alt=\"\" srcset=\"https:\/\/times.cd\/wp-content\/uploads\/2026\/04\/1776420950828-370x247.jpg 370w, https:\/\/times.cd\/wp-content\/uploads\/2026\/04\/1776420950828-345x230.jpg 345w, https:\/\/times.cd\/wp-content\/uploads\/2026\/04\/1776420950828-770x513.jpg 770w, https:\/\/times.cd\/wp-content\/uploads\/2026\/04\/1776420950828-440x294.jpg 440w, https:\/\/times.cd\/wp-content\/uploads\/2026\/04\/1776420950828-570x380.jpg 570w, https:\/\/times.cd\/wp-content\/uploads\/2026\/04\/1776420950828-170x113.jpg 170w\" sizes=\"(max-width: 370px) 100vw, 370px\" \/>\t\t\t\t\t\t\t\t\t\t\t\t\t<\/a>\r\n\t\t\t\t\t\t\t\t\t\t\t\t<\/div>\r\n\t\t\t\t\t\t\t\t\t\t\t\t\t\t\t\t\t\t\t\t\t\t<div class=\"entry-content\">\r\n\t\t\t\t\t\t\t\t\t\t\t<div class=\"entry-header\">\r\n\t\t\t\t\t\t\t\t\t\t\t\t\t\t\t\t\t\t\t\t\t\t\t\t\t<span class=\"post-category\">\r\n\t\t\t\t\t\t\t\t\t\t\t\t\t\t<a href=\"https:\/\/times.cd\/index.php\/category\/culture\/\" rel=\"category tag\">culture<\/a>\t\t\t\t\t\t\t\t\t\t\t\t\t<\/span>\r\n\t\t\t\t\t\t\t\t\t\t\t\t\t\t\t\t\t\t\t\t\t\t\t\t\t<h3 class=\"entry-title\">\r\n\t\t\t\t\t\t\t\t\t\t\t\t\t<a href=\"https:\/\/times.cd\/index.php\/2026\/04\/17\/kinshasa-quand-mike-kalambay-se-proclame-phenomene-national-et-meme-au-dela\/\" title=\"Kinshasa : quand Mike Kalambay se proclame\u2026 ph\u00e9nom\u00e8ne national (et m\u00eame au-del\u00e0)\">Kinshasa : quand Mike Kalambay se proclame\u2026 ph\u00e9nom\u00e8ne national (et m\u00eame au-del\u00e0)<\/a>\r\n\t\t\t\t\t\t\t\t\t\t\t\t<\/h3>\r\n\t\t\t\t\t\t\t\t\t\t\t<\/div>\r\n\t\t\t\t\t\t\t\t\t\t\t<p>\u00c0 Kinshasa, ville o\u00f9 m\u00eame les embouteillages ont une personnalit\u00e9, il fallait bien qu\u2019un jour quelqu\u2019un ose franchir un cap in\u00e9dit : se d\u00e9finir non ...<\/p>\r\n\t\t\t\t\t\t\t\t\t\t\t<a href=\"https:\/\/times.cd\/index.php\/2026\/04\/17\/kinshasa-quand-mike-kalambay-se-proclame-phenomene-national-et-meme-au-dela\/\" title=\"Read More\">\r\n\t\t\t\t\t\t\t\t\t\t\t\tRead More\t\t\t\t\t\t\t\t\t\t\t<\/a>\r\n\t\t\t\t\t\t\t\t\t\t<\/div>\r\n\t\t\t\t\t\t\t\t\t<\/div>\r\n\t\t\t\t\t\t\t\t<\/div>\r\n\t\t\t\t\t\t\t\t\t\t\t\t\t\t\t\t<div class=\"col-lg-4 col-md-6 col-sm-6\">\r\n\t\t\t\t\t\t\t\t\t<div class=\"post-11522 post type-post status-publish format-standard has-post-thumbnail hentry category-uncategorized\">\r\n\t\t\t\t\t\t\t\t\t\t\t\t\t\t\t\t\t\t\t\t\t\t<div class=\"entry-cover\">\r\n\t\t\t\t\t\t\t\t\t\t\t\t\t<div class=\"post-meta\">\r\n\t\t\t\t\t\t\t\t\t\t\t\t\t\t<span class=\"byline\">by\t\t\t\t\t\t\t\t\t\t\t\t\t\t\t<a href=\"https:\/\/times.cd\/index.php\/author\/times_cd\/\" title=\"times_cd\">times_cd<\/a>\r\n\t\t\t\t\t\t\t\t\t\t\t\t\t\t<\/span>\r\n\t\t\t\t\t\t\t\t\t\t\t\t\t\t<span class=\"post-date\">\r\n\t\t\t\t\t\t\t\t\t\t\t\t\t\t\t<a href=\"https:\/\/times.cd\/index.php\/2026\/04\/17\/kinshasa-a-gombe-la-republique-des-etalages-renversee-par-la-generale-des-trottoirs-mimi-bikela\/\">17\/04\/2026<\/a>\r\n\t\t\t\t\t\t\t\t\t\t\t\t\t\t<\/span>\r\n\t\t\t\t\t\t\t\t\t\t\t\t\t<\/div>\r\n\t\t\t\t\t\t\t\t\t\t\t\t\t<a href=\"https:\/\/times.cd\/index.php\/2026\/04\/17\/kinshasa-a-gombe-la-republique-des-etalages-renversee-par-la-generale-des-trottoirs-mimi-bikela\/\">\r\n\t\t\t\t\t\t\t\t\t\t\t\t\t\t<img loading=\"lazy\" decoding=\"async\" width=\"370\" height=\"247\" src=\"https:\/\/times.cd\/wp-content\/uploads\/2026\/04\/IMG-20260417-WA0036-1-370x247.jpg\" class=\"attachment-minimag_370_247 size-minimag_370_247 wp-post-image\" alt=\"\" srcset=\"https:\/\/times.cd\/wp-content\/uploads\/2026\/04\/IMG-20260417-WA0036-1-370x247.jpg 370w, https:\/\/times.cd\/wp-content\/uploads\/2026\/04\/IMG-20260417-WA0036-1-345x230.jpg 345w, https:\/\/times.cd\/wp-content\/uploads\/2026\/04\/IMG-20260417-WA0036-1-770x513.jpg 770w, https:\/\/times.cd\/wp-content\/uploads\/2026\/04\/IMG-20260417-WA0036-1-440x294.jpg 440w, https:\/\/times.cd\/wp-content\/uploads\/2026\/04\/IMG-20260417-WA0036-1-570x380.jpg 570w, https:\/\/times.cd\/wp-content\/uploads\/2026\/04\/IMG-20260417-WA0036-1-170x113.jpg 170w\" sizes=\"(max-width: 370px) 100vw, 370px\" \/>\t\t\t\t\t\t\t\t\t\t\t\t\t<\/a>\r\n\t\t\t\t\t\t\t\t\t\t\t\t<\/div>\r\n\t\t\t\t\t\t\t\t\t\t\t\t\t\t\t\t\t\t\t\t\t\t<div class=\"entry-content\">\r\n\t\t\t\t\t\t\t\t\t\t\t<div class=\"entry-header\">\r\n\t\t\t\t\t\t\t\t\t\t\t\t\t\t\t\t\t\t\t\t\t\t\t\t\t<span class=\"post-category\">\r\n\t\t\t\t\t\t\t\t\t\t\t\t\t\t<a href=\"https:\/\/times.cd\/index.php\/category\/uncategorized\/\" rel=\"category tag\">Uncategorized<\/a>\t\t\t\t\t\t\t\t\t\t\t\t\t<\/span>\r\n\t\t\t\t\t\t\t\t\t\t\t\t\t\t\t\t\t\t\t\t\t\t\t\t\t<h3 class=\"entry-title\">\r\n\t\t\t\t\t\t\t\t\t\t\t\t\t<a href=\"https:\/\/times.cd\/index.php\/2026\/04\/17\/kinshasa-a-gombe-la-republique-des-etalages-renversee-par-la-generale-des-trottoirs-mimi-bikela\/\" title=\"Kinshasa : \u00e0 Gombe, la \u201cR\u00e9publique des \u00e9talages\u201d renvers\u00e9e par la g\u00e9n\u00e9rale des trottoirs, Mimi Bikela\">Kinshasa : \u00e0 Gombe, la \u201cR\u00e9publique des \u00e9talages\u201d renvers\u00e9e par la g\u00e9n\u00e9rale des trottoirs, Mimi Bikela<\/a>\r\n\t\t\t\t\t\t\t\t\t\t\t\t<\/h3>\r\n\t\t\t\t\t\t\t\t\t\t\t<\/div>\r\n\t\t\t\t\t\t\t\t\t\t\t<p>\u00c0 Gombe, il ne manquait plus qu\u2019un hymne et un drapeau pour officialiser ce que beaucoup appelaient d\u00e9j\u00e0 \u201cl\u2019\u00c9tat libre des \u00e9talages\u201d. Sur les avenues ...<\/p>\r\n\t\t\t\t\t\t\t\t\t\t\t<a href=\"https:\/\/times.cd\/index.php\/2026\/04\/17\/kinshasa-a-gombe-la-republique-des-etalages-renversee-par-la-generale-des-trottoirs-mimi-bikela\/\" title=\"Read More\">\r\n\t\t\t\t\t\t\t\t\t\t\t\tRead More\t\t\t\t\t\t\t\t\t\t\t<\/a>\r\n\t\t\t\t\t\t\t\t\t\t<\/div>\r\n\t\t\t\t\t\t\t\t\t<\/div>\r\n\t\t\t\t\t\t\t\t<\/div>\r\n\t\t\t\t\t\t\t\t\t\t\t\t\t\t\t\t<div class=\"col-lg-4 col-md-6 col-sm-6\">\r\n\t\t\t\t\t\t\t\t\t<div class=\"post-11518 post type-post status-publish format-standard has-post-thumbnail hentry category-uncategorized\">\r\n\t\t\t\t\t\t\t\t\t\t\t\t\t\t\t\t\t\t\t\t\t\t<div class=\"entry-cover\">\r\n\t\t\t\t\t\t\t\t\t\t\t\t\t<div class=\"post-meta\">\r\n\t\t\t\t\t\t\t\t\t\t\t\t\t\t<span class=\"byline\">by\t\t\t\t\t\t\t\t\t\t\t\t\t\t\t<a href=\"https:\/\/times.cd\/index.php\/author\/times_cd\/\" title=\"times_cd\">times_cd<\/a>\r\n\t\t\t\t\t\t\t\t\t\t\t\t\t\t<\/span>\r\n\t\t\t\t\t\t\t\t\t\t\t\t\t\t<span class=\"post-date\">\r\n\t\t\t\t\t\t\t\t\t\t\t\t\t\t\t<a href=\"https:\/\/times.cd\/index.php\/2026\/04\/17\/kinshasa-quand-la-salubrite-passe-par-la-caisse\/\">17\/04\/2026<\/a>\r\n\t\t\t\t\t\t\t\t\t\t\t\t\t\t<\/span>\r\n\t\t\t\t\t\t\t\t\t\t\t\t\t<\/div>\r\n\t\t\t\t\t\t\t\t\t\t\t\t\t<a href=\"https:\/\/times.cd\/index.php\/2026\/04\/17\/kinshasa-quand-la-salubrite-passe-par-la-caisse\/\">\r\n\t\t\t\t\t\t\t\t\t\t\t\t\t\t<img loading=\"lazy\" decoding=\"async\" width=\"370\" height=\"247\" src=\"https:\/\/times.cd\/wp-content\/uploads\/2026\/04\/IMG-20260417-WA0030-370x247.jpg\" class=\"attachment-minimag_370_247 size-minimag_370_247 wp-post-image\" alt=\"\" srcset=\"https:\/\/times.cd\/wp-content\/uploads\/2026\/04\/IMG-20260417-WA0030-370x247.jpg 370w, https:\/\/times.cd\/wp-content\/uploads\/2026\/04\/IMG-20260417-WA0030-300x200.jpg 300w, https:\/\/times.cd\/wp-content\/uploads\/2026\/04\/IMG-20260417-WA0030-1024x682.jpg 1024w, https:\/\/times.cd\/wp-content\/uploads\/2026\/04\/IMG-20260417-WA0030-768x511.jpg 768w, https:\/\/times.cd\/wp-content\/uploads\/2026\/04\/IMG-20260417-WA0030-345x230.jpg 345w, https:\/\/times.cd\/wp-content\/uploads\/2026\/04\/IMG-20260417-WA0030-770x513.jpg 770w, https:\/\/times.cd\/wp-content\/uploads\/2026\/04\/IMG-20260417-WA0030-440x294.jpg 440w, https:\/\/times.cd\/wp-content\/uploads\/2026\/04\/IMG-20260417-WA0030-570x380.jpg 570w, https:\/\/times.cd\/wp-content\/uploads\/2026\/04\/IMG-20260417-WA0030-170x113.jpg 170w, https:\/\/times.cd\/wp-content\/uploads\/2026\/04\/IMG-20260417-WA0030.jpg 1080w\" sizes=\"(max-width: 370px) 100vw, 370px\" \/>\t\t\t\t\t\t\t\t\t\t\t\t\t<\/a>\r\n\t\t\t\t\t\t\t\t\t\t\t\t<\/div>\r\n\t\t\t\t\t\t\t\t\t\t\t\t\t\t\t\t\t\t\t\t\t\t<div class=\"entry-content\">\r\n\t\t\t\t\t\t\t\t\t\t\t<div class=\"entry-header\">\r\n\t\t\t\t\t\t\t\t\t\t\t\t\t\t\t\t\t\t\t\t\t\t\t\t\t<span class=\"post-category\">\r\n\t\t\t\t\t\t\t\t\t\t\t\t\t\t<a href=\"https:\/\/times.cd\/index.php\/category\/uncategorized\/\" rel=\"category tag\">Uncategorized<\/a>\t\t\t\t\t\t\t\t\t\t\t\t\t<\/span>\r\n\t\t\t\t\t\t\t\t\t\t\t\t\t\t\t\t\t\t\t\t\t\t\t\t\t<h3 class=\"entry-title\">\r\n\t\t\t\t\t\t\t\t\t\t\t\t\t<a href=\"https:\/\/times.cd\/index.php\/2026\/04\/17\/kinshasa-quand-la-salubrite-passe-par-la-caisse\/\" title=\"Kinshasa : quand la salubrit\u00e9 passe\u2026 par la caisse\">Kinshasa : quand la salubrit\u00e9 passe\u2026 par la caisse<\/a>\r\n\t\t\t\t\t\t\t\t\t\t\t\t<\/h3>\r\n\t\t\t\t\t\t\t\t\t\t\t<\/div>\r\n\t\t\t\t\t\t\t\t\t\t\t<p>\u00c0 Kinshasa, on ne balaie plus seulement les rues, on balaie aussi\u2026 les portefeuilles. \"H\u00f4tel de Ville et la F\u00e9d\u00e9ration des Entreprises du Congo (FEC) ...<\/p>\r\n\t\t\t\t\t\t\t\t\t\t\t<a href=\"https:\/\/times.cd\/index.php\/2026\/04\/17\/kinshasa-quand-la-salubrite-passe-par-la-caisse\/\" title=\"Read More\">\r\n\t\t\t\t\t\t\t\t\t\t\t\tRead More\t\t\t\t\t\t\t\t\t\t\t<\/a>\r\n\t\t\t\t\t\t\t\t\t\t<\/div>\r\n\t\t\t\t\t\t\t\t\t<\/div>\r\n\t\t\t\t\t\t\t\t<\/div>\r\n\t\t\t\t\t\t\t\t\t\t\t\t\t\t\t\t<div class=\"col-lg-4 col-md-6 col-sm-6\">\r\n\t\t\t\t\t\t\t\t\t<div class=\"post-11514 post type-post status-publish format-standard has-post-thumbnail hentry category-uncategorized\">\r\n\t\t\t\t\t\t\t\t\t\t\t\t\t\t\t\t\t\t\t\t\t\t<div class=\"entry-cover\">\r\n\t\t\t\t\t\t\t\t\t\t\t\t\t<div class=\"post-meta\">\r\n\t\t\t\t\t\t\t\t\t\t\t\t\t\t<span class=\"byline\">by\t\t\t\t\t\t\t\t\t\t\t\t\t\t\t<a href=\"https:\/\/times.cd\/index.php\/author\/times_cd\/\" title=\"times_cd\">times_cd<\/a>\r\n\t\t\t\t\t\t\t\t\t\t\t\t\t\t<\/span>\r\n\t\t\t\t\t\t\t\t\t\t\t\t\t\t<span class=\"post-date\">\r\n\t\t\t\t\t\t\t\t\t\t\t\t\t\t\t<a href=\"https:\/\/times.cd\/index.php\/2026\/04\/17\/rdc-le-rcet-cps-celebre-une-entree-historique-de-la-rdc-dans-ce-cercle-tres-ferme-ou-les-milliards-circulent-plus-vite-que-les-promesses-electorales\/\">17\/04\/2026<\/a>\r\n\t\t\t\t\t\t\t\t\t\t\t\t\t\t<\/span>\r\n\t\t\t\t\t\t\t\t\t\t\t\t\t<\/div>\r\n\t\t\t\t\t\t\t\t\t\t\t\t\t<a href=\"https:\/\/times.cd\/index.php\/2026\/04\/17\/rdc-le-rcet-cps-celebre-une-entree-historique-de-la-rdc-dans-ce-cercle-tres-ferme-ou-les-milliards-circulent-plus-vite-que-les-promesses-electorales\/\">\r\n\t\t\t\t\t\t\t\t\t\t\t\t\t\t<img loading=\"lazy\" decoding=\"async\" width=\"370\" height=\"247\" src=\"https:\/\/times.cd\/wp-content\/uploads\/2026\/04\/IMG-20260416-WA03261-370x247.jpg\" class=\"attachment-minimag_370_247 size-minimag_370_247 wp-post-image\" alt=\"\" srcset=\"https:\/\/times.cd\/wp-content\/uploads\/2026\/04\/IMG-20260416-WA03261-370x247.jpg 370w, https:\/\/times.cd\/wp-content\/uploads\/2026\/04\/IMG-20260416-WA03261-345x230.jpg 345w, https:\/\/times.cd\/wp-content\/uploads\/2026\/04\/IMG-20260416-WA03261-770x513.jpg 770w, https:\/\/times.cd\/wp-content\/uploads\/2026\/04\/IMG-20260416-WA03261-440x294.jpg 440w, https:\/\/times.cd\/wp-content\/uploads\/2026\/04\/IMG-20260416-WA03261-570x380.jpg 570w, https:\/\/times.cd\/wp-content\/uploads\/2026\/04\/IMG-20260416-WA03261-170x113.jpg 170w\" sizes=\"(max-width: 370px) 100vw, 370px\" \/>\t\t\t\t\t\t\t\t\t\t\t\t\t<\/a>\r\n\t\t\t\t\t\t\t\t\t\t\t\t<\/div>\r\n\t\t\t\t\t\t\t\t\t\t\t\t\t\t\t\t\t\t\t\t\t\t<div class=\"entry-content\">\r\n\t\t\t\t\t\t\t\t\t\t\t<div class=\"entry-header\">\r\n\t\t\t\t\t\t\t\t\t\t\t\t\t\t\t\t\t\t\t\t\t\t\t\t\t<span class=\"post-category\">\r\n\t\t\t\t\t\t\t\t\t\t\t\t\t\t<a href=\"https:\/\/times.cd\/index.php\/category\/uncategorized\/\" rel=\"category tag\">Uncategorized<\/a>\t\t\t\t\t\t\t\t\t\t\t\t\t<\/span>\r\n\t\t\t\t\t\t\t\t\t\t\t\t\t\t\t\t\t\t\t\t\t\t\t\t\t<h3 class=\"entry-title\">\r\n\t\t\t\t\t\t\t\t\t\t\t\t\t<a href=\"https:\/\/times.cd\/index.php\/2026\/04\/17\/rdc-le-rcet-cps-celebre-une-entree-historique-de-la-rdc-dans-ce-cercle-tres-ferme-ou-les-milliards-circulent-plus-vite-que-les-promesses-electorales\/\" title=\"RDC : Le RCET-CPS c\u00e9l\u00e8bre une \u00ab entr\u00e9e historique \u00bb de la RDC dans ce cercle tr\u00e8s ferm\u00e9 o\u00f9 les milliards circulent plus vite que les promesses \u00e9lectorales\">RDC : Le RCET-CPS c\u00e9l\u00e8bre une \u00ab entr\u00e9e historique \u00bb de la RDC dans ce cercle tr\u00e8s ferm\u00e9 o\u00f9 les milliards circulent plus vite que les promesses \u00e9lectorales<\/a>\r\n\t\t\t\t\t\t\t\t\t\t\t\t<\/h3>\r\n\t\t\t\t\t\t\t\t\t\t\t<\/div>\r\n\t\t\t\t\t\t\t\t\t\t\t<p>\u00c0 Kinshasa, il y a des conf\u00e9rences de presse\u2026 et puis il y a celles du Rassemblement des Compagnons d\u2019\u00c9tienne Tshisekedi pour le Changement et ...<\/p>\r\n\t\t\t\t\t\t\t\t\t\t\t<a href=\"https:\/\/times.cd\/index.php\/2026\/04\/17\/rdc-le-rcet-cps-celebre-une-entree-historique-de-la-rdc-dans-ce-cercle-tres-ferme-ou-les-milliards-circulent-plus-vite-que-les-promesses-electorales\/\" title=\"Read More\">\r\n\t\t\t\t\t\t\t\t\t\t\t\tRead More\t\t\t\t\t\t\t\t\t\t\t<\/a>\r\n\t\t\t\t\t\t\t\t\t\t<\/div>\r\n\t\t\t\t\t\t\t\t\t<\/div>\r\n\t\t\t\t\t\t\t\t<\/div>\r\n\t\t\t\t\t\t\t\t<\/div><!-- Row \/- -->\n\t<nav class=\"navigation pagination\" aria-label=\"Publications\">\n\t\t<h2 class=\"screen-reader-text\">Navigation des articles<\/h2>\n\t\t<div class=\"nav-links\"><span aria-current=\"page\" class=\"page-numbers current\"><span class=\"meta-nav screen-reader-text\">Page <\/span>1<\/span>\n<a class=\"page-numbers\" href=\"https:\/\/times.cd\/index.php\/wp-json\/wp\/v2\/pages\/17\/page\/2\/\"><span class=\"meta-nav screen-reader-text\">Page <\/span>2<\/a>\n<span class=\"page-numbers dots\">\u2026<\/span>\n<a class=\"page-numbers\" href=\"https:\/\/times.cd\/index.php\/wp-json\/wp\/v2\/pages\/17\/page\/263\/\"><span class=\"meta-nav screen-reader-text\">Page <\/span>263<\/a>\n<a class=\"next page-numbers\" href=\"https:\/\/times.cd\/index.php\/wp-json\/wp\/v2\/pages\/17\/page\/2\/\">Next<\/a><\/div>\n\t<\/nav>\t\t\t\t<\/div><!-- Content Area \/- -->\r\n\t\t\t<\/div>\r\n\t\t<\/div><!-- Container \/- -->\r\n\t<\/div><!-- Page Content \/- -->\r\n\t\r\n\t[\/vc_column][\/vc_row]<\/p>\n","protected":false},"excerpt":{"rendered":"<p>[vc_row][vc_column][\/vc_column][\/vc_row][vc_row spadding=\u00a0\u00bbspaddingtop\u00a0\u00bb][vc_column][\/vc_column][\/vc_row]<\/p>\n","protected":false},"author":1,"featured_media":0,"parent":0,"menu_order":0,"comment_status":"closed","ping_status":"closed","template":"","meta":{"footnotes":""},"_links":{"self":[{"href":"https:\/\/times.cd\/index.php\/wp-json\/wp\/v2\/pages\/17"}],"collection":[{"href":"https:\/\/times.cd\/index.php\/wp-json\/wp\/v2\/pages"}],"about":[{"href":"https:\/\/times.cd\/index.php\/wp-json\/wp\/v2\/types\/page"}],"author":[{"embeddable":true,"href":"https:\/\/times.cd\/index.php\/wp-json\/wp\/v2\/users\/1"}],"replies":[{"embeddable":true,"href":"https:\/\/times.cd\/index.php\/wp-json\/wp\/v2\/comments?post=17"}],"version-history":[{"count":0,"href":"https:\/\/times.cd\/index.php\/wp-json\/wp\/v2\/pages\/17\/revisions"}],"wp:attachment":[{"href":"https:\/\/times.cd\/index.php\/wp-json\/wp\/v2\/media?parent=17"}],"curies":[{"name":"wp","href":"https:\/\/api.w.org\/{rel}","templated":true}]}}