{"id":1317,"date":"2022-03-15T08:46:27","date_gmt":"2022-03-15T08:46:27","guid":{"rendered":"https:\/\/times.cd\/?page_id=1317"},"modified":"2022-03-16T12:13:18","modified_gmt":"2022-03-16T12:13:18","slug":"politique","status":"publish","type":"page","link":"https:\/\/times.cd\/index.php\/politique\/","title":{"rendered":"politique"},"content":{"rendered":"<p>[vc_row][vc_column cnt_spacing=\u00a0\u00bbno\u00a0\u00bb]\t\t<!-- Slider Section -->\r\n\t\t<div class=\"container-fluid no-left-padding no-right-padding slider-section slider-section7\">\r\n\t\t\t<div class=\"image-loader spinner-image\">\r\n\t\t\t\t<div class=\"spinner\">\r\n\t\t\t\t\t<div class=\"dot1\"><\/div>\r\n\t\t\t\t\t<div class=\"dot2\"><\/div>\r\n\t\t\t\t\t<div class=\"bounce1\"><\/div>\r\n\t\t\t\t\t<div class=\"bounce2\"><\/div>\r\n\t\t\t\t\t<div class=\"bounce3\"><\/div>\r\n\t\t\t\t<\/div>\r\n\t\t\t<\/div>\r\n\t\t\t<div class=\"slider-carousel slider-carousel-7 center\">\r\n\t\t\t\t\t\t\t\t\t<div class=\"item\">\r\n\t\t\t\t\t\t<div class=\"post-box\">\r\n\t\t\t\t\t\t\t<img loading=\"lazy\" decoding=\"async\" width=\"1164\" height=\"500\" src=\"https:\/\/times.cd\/wp-content\/uploads\/2026\/09\/1788455929_sao-tome-et-principe-felix-tshisekedi-participe-a-linvestiture-de-carlos-vila-nova-1164x500.jpg\" class=\"attachment-minimag_1164_500 size-minimag_1164_500 wp-post-image\" alt=\"\" \/>\t\t\t\t\t\t\t<div class=\"entry-content\">\r\n\t\t\t\t\t\t\t\t\t\t\t\t\t\t\t\t\t<span class=\"post-category\">\r\n\t\t\t\t\t\t\t\t\t\t<a href=\"https:\/\/times.cd\/index.php\/category\/politique\/\" rel=\"category tag\">politique<\/a>\t\t\t\t\t\t\t\t\t<\/span>\r\n\t\t\t\t\t\t\t\t\t\t\t\t\t\t\t\t\t<h3><a href=\"https:\/\/times.cd\/index.php\/2026\/09\/03\/sao-tome-et-principe-felix-tshisekedi-participe-a-linvestiture-de-carlos-vila-nova\/\" title=\"S\u00e3o Tom\u00e9-et-Pr\u00edncipe : F\u00e9lix Tshisekedi participe \u00e0 l\u2019investiture de Carlos Vila Nova\">S\u00e3o Tom\u00e9-et-Pr\u00edncipe : F\u00e9lix Tshisekedi participe \u00e0 l\u2019investiture de Carlos Vila Nova<\/a><\/h3>\r\n\t\t\t\t\t\t\t\t<a href=\"https:\/\/times.cd\/index.php\/2026\/09\/03\/sao-tome-et-principe-felix-tshisekedi-participe-a-linvestiture-de-carlos-vila-nova\/\" title=\"Read More\">\r\n\t\t\t\t\t\t\t\t\tRead More\t\t\t\t\t\t\t\t<\/a>\r\n\t\t\t\t\t\t\t<\/div>\r\n\t\t\t\t\t\t<\/div>\r\n\t\t\t\t\t<\/div>\r\n\t\t\t\t\t\t\t\t\t\t<div class=\"item\">\r\n\t\t\t\t\t\t<div class=\"post-box\">\r\n\t\t\t\t\t\t\t<img loading=\"lazy\" decoding=\"async\" width=\"1080\" height=\"500\" src=\"https:\/\/times.cd\/wp-content\/uploads\/2026\/09\/FB_IMG_1788437176892-1080x500.jpg\" class=\"attachment-minimag_1164_500 size-minimag_1164_500 wp-post-image\" alt=\"\" \/>\t\t\t\t\t\t\t<div class=\"entry-content\">\r\n\t\t\t\t\t\t\t\t\t\t\t\t\t\t\t\t\t<span class=\"post-category\">\r\n\t\t\t\t\t\t\t\t\t\t<a href=\"https:\/\/times.cd\/index.php\/category\/politique\/\" rel=\"category tag\">politique<\/a>\t\t\t\t\t\t\t\t\t<\/span>\r\n\t\t\t\t\t\t\t\t\t\t\t\t\t\t\t\t\t<h3><a href=\"https:\/\/times.cd\/index.php\/2026\/09\/03\/kinshasa-plus-de-dgrk-a-kinshasa-deux-nouvelle-regies-crees-pour-maximiser-les-recettes-et-finace-kinshasa-ezo-bonga\/\" title=\"Kinshasa : plus de DGRK \u00e0 Kinshasa deux nouvelle r\u00e9gies cr\u00e9\u00e9s pour maximiser les recettes et finace \u00ab KINSHASA EZO BONGA \u00bb\">Kinshasa : plus de DGRK \u00e0 Kinshasa deux nouvelle r\u00e9gies cr\u00e9\u00e9s pour maximiser les recettes et finace \u00ab KINSHASA EZO BONGA \u00bb<\/a><\/h3>\r\n\t\t\t\t\t\t\t\t<a href=\"https:\/\/times.cd\/index.php\/2026\/09\/03\/kinshasa-plus-de-dgrk-a-kinshasa-deux-nouvelle-regies-crees-pour-maximiser-les-recettes-et-finace-kinshasa-ezo-bonga\/\" title=\"Read More\">\r\n\t\t\t\t\t\t\t\t\tRead More\t\t\t\t\t\t\t\t<\/a>\r\n\t\t\t\t\t\t\t<\/div>\r\n\t\t\t\t\t\t<\/div>\r\n\t\t\t\t\t<\/div>\r\n\t\t\t\t\t\t\t\t\t\t<div class=\"item\">\r\n\t\t\t\t\t\t<div class=\"post-box\">\r\n\t\t\t\t\t\t\t<img loading=\"lazy\" decoding=\"async\" width=\"1080\" height=\"500\" src=\"https:\/\/times.cd\/wp-content\/uploads\/2026\/09\/IMG-20260903-WA00002-1080x500.jpg\" class=\"attachment-minimag_1164_500 size-minimag_1164_500 wp-post-image\" alt=\"\" \/>\t\t\t\t\t\t\t<div class=\"entry-content\">\r\n\t\t\t\t\t\t\t\t\t\t\t\t\t\t\t\t\t<span class=\"post-category\">\r\n\t\t\t\t\t\t\t\t\t\t<a href=\"https:\/\/times.cd\/index.php\/category\/politique\/\" rel=\"category tag\">politique<\/a>\t\t\t\t\t\t\t\t\t<\/span>\r\n\t\t\t\t\t\t\t\t\t\t\t\t\t\t\t\t\t<h3><a href=\"https:\/\/times.cd\/index.php\/2026\/09\/03\/iss-en-huit-mois-la-dg-aliango-marachto-dede-mise-sur-la-modernisation-des-infrastructures-et-la-rigueur-dans-la-gestion\/\" title=\"ISS : en huit mois, la DG Aliango Marachto D\u00e9d\u00e9 mise sur la modernisation des infrastructures et la rigueur dans la gestion\">ISS : en huit mois, la DG Aliango Marachto D\u00e9d\u00e9 mise sur la modernisation des infrastructures et la rigueur dans la gestion<\/a><\/h3>\r\n\t\t\t\t\t\t\t\t<a href=\"https:\/\/times.cd\/index.php\/2026\/09\/03\/iss-en-huit-mois-la-dg-aliango-marachto-dede-mise-sur-la-modernisation-des-infrastructures-et-la-rigueur-dans-la-gestion\/\" title=\"Read More\">\r\n\t\t\t\t\t\t\t\t\tRead More\t\t\t\t\t\t\t\t<\/a>\r\n\t\t\t\t\t\t\t<\/div>\r\n\t\t\t\t\t\t<\/div>\r\n\t\t\t\t\t<\/div>\r\n\t\t\t\t\t\t\t\t\t\t<div class=\"item\">\r\n\t\t\t\t\t\t<div class=\"post-box\">\r\n\t\t\t\t\t\t\t<img loading=\"lazy\" decoding=\"async\" width=\"1164\" height=\"500\" src=\"https:\/\/times.cd\/wp-content\/uploads\/2026\/09\/IMG-20260903-WA0020-1164x500.jpg\" class=\"attachment-minimag_1164_500 size-minimag_1164_500 wp-post-image\" alt=\"\" \/>\t\t\t\t\t\t\t<div class=\"entry-content\">\r\n\t\t\t\t\t\t\t\t\t\t\t\t\t\t\t\t\t<span class=\"post-category\">\r\n\t\t\t\t\t\t\t\t\t\t<a href=\"https:\/\/times.cd\/index.php\/category\/politique\/\" rel=\"category tag\">politique<\/a>\t\t\t\t\t\t\t\t\t<\/span>\r\n\t\t\t\t\t\t\t\t\t\t\t\t\t\t\t\t\t<h3><a href=\"https:\/\/times.cd\/index.php\/2026\/09\/03\/kwango-kenge-samuel-mbemba-enflamme-la-population-et-porte-le-dialogue-national-au-coeur-du-peuple\/\" title=\"Kwango\/Kenge:  Samuel Mbemba enflamme la population et porte le dialogue national au c\u0153ur du peuple\">Kwango\/Kenge:  Samuel Mbemba enflamme la population et porte le dialogue national au c\u0153ur du peuple<\/a><\/h3>\r\n\t\t\t\t\t\t\t\t<a href=\"https:\/\/times.cd\/index.php\/2026\/09\/03\/kwango-kenge-samuel-mbemba-enflamme-la-population-et-porte-le-dialogue-national-au-coeur-du-peuple\/\" title=\"Read More\">\r\n\t\t\t\t\t\t\t\t\tRead More\t\t\t\t\t\t\t\t<\/a>\r\n\t\t\t\t\t\t\t<\/div>\r\n\t\t\t\t\t\t<\/div>\r\n\t\t\t\t\t<\/div>\r\n\t\t\t\t\t\t\t\t\t\t<div class=\"item\">\r\n\t\t\t\t\t\t<div class=\"post-box\">\r\n\t\t\t\t\t\t\t<img loading=\"lazy\" decoding=\"async\" width=\"720\" height=\"399\" src=\"https:\/\/times.cd\/wp-content\/uploads\/2026\/09\/Screenshot_20260901-1746102.jpg\" class=\"attachment-minimag_1164_500 size-minimag_1164_500 wp-post-image\" alt=\"\" srcset=\"https:\/\/times.cd\/wp-content\/uploads\/2026\/09\/Screenshot_20260901-1746102.jpg 720w, https:\/\/times.cd\/wp-content\/uploads\/2026\/09\/Screenshot_20260901-1746102-300x166.jpg 300w\" sizes=\"(max-width: 720px) 100vw, 720px\" \/>\t\t\t\t\t\t\t<div class=\"entry-content\">\r\n\t\t\t\t\t\t\t\t\t\t\t\t\t\t\t\t\t<span class=\"post-category\">\r\n\t\t\t\t\t\t\t\t\t\t<a href=\"https:\/\/times.cd\/index.php\/category\/politique\/\" rel=\"category tag\">politique<\/a>\t\t\t\t\t\t\t\t\t<\/span>\r\n\t\t\t\t\t\t\t\t\t\t\t\t\t\t\t\t\t<h3><a href=\"https:\/\/times.cd\/index.php\/2026\/09\/01\/rdc-le-pcn-de-willy-bakonga-veut-le-dialogue-mais-pas-a-nimporte-quel-prix\/\" title=\"RDC : le PCN de Willy Bakonga veut le dialogue\u2026 mais pas \u00e0 n\u2019importe quel prix\">RDC : le PCN de Willy Bakonga veut le dialogue\u2026 mais pas \u00e0 n\u2019importe quel prix<\/a><\/h3>\r\n\t\t\t\t\t\t\t\t<a href=\"https:\/\/times.cd\/index.php\/2026\/09\/01\/rdc-le-pcn-de-willy-bakonga-veut-le-dialogue-mais-pas-a-nimporte-quel-prix\/\" title=\"Read More\">\r\n\t\t\t\t\t\t\t\t\tRead More\t\t\t\t\t\t\t\t<\/a>\r\n\t\t\t\t\t\t\t<\/div>\r\n\t\t\t\t\t\t<\/div>\r\n\t\t\t\t\t<\/div>\r\n\t\t\t\t\t\t\t\t\t\t<div class=\"item\">\r\n\t\t\t\t\t\t<div class=\"post-box\">\r\n\t\t\t\t\t\t\t<img loading=\"lazy\" decoding=\"async\" width=\"720\" height=\"396\" src=\"https:\/\/times.cd\/wp-content\/uploads\/2026\/09\/Screenshot_20260901-1509352-1.jpg\" class=\"attachment-minimag_1164_500 size-minimag_1164_500 wp-post-image\" alt=\"\" srcset=\"https:\/\/times.cd\/wp-content\/uploads\/2026\/09\/Screenshot_20260901-1509352-1.jpg 720w, https:\/\/times.cd\/wp-content\/uploads\/2026\/09\/Screenshot_20260901-1509352-1-300x165.jpg 300w\" sizes=\"(max-width: 720px) 100vw, 720px\" \/>\t\t\t\t\t\t\t<div class=\"entry-content\">\r\n\t\t\t\t\t\t\t\t\t\t\t\t\t\t\t\t\t<span class=\"post-category\">\r\n\t\t\t\t\t\t\t\t\t\t<a href=\"https:\/\/times.cd\/index.php\/category\/politique\/\" rel=\"category tag\">politique<\/a>\t\t\t\t\t\t\t\t\t<\/span>\r\n\t\t\t\t\t\t\t\t\t\t\t\t\t\t\t\t\t<h3><a href=\"https:\/\/times.cd\/index.php\/2026\/09\/01\/kasai-oriental-a-mbujimayi-la-metamorphose-de-la-ville-saluee-par-le-depute-national-morice-tshikuya\/\" title=\"Kasa\u00ef-Oriental: \u00c0 Mbujimayi, la m\u00e9tamorphose de la ville salu\u00e9e par le d\u00e9put\u00e9 national Morice Tshikuya\">Kasa\u00ef-Oriental: \u00c0 Mbujimayi, la m\u00e9tamorphose de la ville salu\u00e9e par le d\u00e9put\u00e9 national Morice Tshikuya<\/a><\/h3>\r\n\t\t\t\t\t\t\t\t<a href=\"https:\/\/times.cd\/index.php\/2026\/09\/01\/kasai-oriental-a-mbujimayi-la-metamorphose-de-la-ville-saluee-par-le-depute-national-morice-tshikuya\/\" title=\"Read More\">\r\n\t\t\t\t\t\t\t\t\tRead More\t\t\t\t\t\t\t\t<\/a>\r\n\t\t\t\t\t\t\t<\/div>\r\n\t\t\t\t\t\t<\/div>\r\n\t\t\t\t\t<\/div>\r\n\t\t\t\t\t\t\t\t\t\t<div class=\"item\">\r\n\t\t\t\t\t\t<div class=\"post-box\">\r\n\t\t\t\t\t\t\t<img loading=\"lazy\" decoding=\"async\" width=\"1164\" height=\"500\" src=\"https:\/\/times.cd\/wp-content\/uploads\/2026\/09\/IMG-20260901-WA0026-1164x500.jpg\" class=\"attachment-minimag_1164_500 size-minimag_1164_500 wp-post-image\" alt=\"\" \/>\t\t\t\t\t\t\t<div class=\"entry-content\">\r\n\t\t\t\t\t\t\t\t\t\t\t\t\t\t\t\t\t<span class=\"post-category\">\r\n\t\t\t\t\t\t\t\t\t\t<a href=\"https:\/\/times.cd\/index.php\/category\/politique\/\" rel=\"category tag\">politique<\/a>\t\t\t\t\t\t\t\t\t<\/span>\r\n\t\t\t\t\t\t\t\t\t\t\t\t\t\t\t\t\t<h3><a href=\"https:\/\/times.cd\/index.php\/2026\/09\/01\/bientot-kinshasa-aura-un-nouveau-plan-de-circulation-routiere\/\" title=\"Bient\u00f4t, Kinshasa aura un nouveau plan de circulation routi\u00e8re\">Bient\u00f4t, Kinshasa aura un nouveau plan de circulation routi\u00e8re<\/a><\/h3>\r\n\t\t\t\t\t\t\t\t<a href=\"https:\/\/times.cd\/index.php\/2026\/09\/01\/bientot-kinshasa-aura-un-nouveau-plan-de-circulation-routiere\/\" title=\"Read More\">\r\n\t\t\t\t\t\t\t\t\tRead More\t\t\t\t\t\t\t\t<\/a>\r\n\t\t\t\t\t\t\t<\/div>\r\n\t\t\t\t\t\t<\/div>\r\n\t\t\t\t\t<\/div>\r\n\t\t\t\t\t\t\t\t\t\t<div class=\"item\">\r\n\t\t\t\t\t\t<div class=\"post-box\">\r\n\t\t\t\t\t\t\t<img loading=\"lazy\" decoding=\"async\" width=\"897\" height=\"500\" src=\"https:\/\/times.cd\/wp-content\/uploads\/2026\/09\/IMG-20260827-WA00241-897x500.jpg\" class=\"attachment-minimag_1164_500 size-minimag_1164_500 wp-post-image\" alt=\"\" \/>\t\t\t\t\t\t\t<div class=\"entry-content\">\r\n\t\t\t\t\t\t\t\t\t\t\t\t\t\t\t\t\t<span class=\"post-category\">\r\n\t\t\t\t\t\t\t\t\t\t<a href=\"https:\/\/times.cd\/index.php\/category\/politique\/\" rel=\"category tag\">politique<\/a>\t\t\t\t\t\t\t\t\t<\/span>\r\n\t\t\t\t\t\t\t\t\t\t\t\t\t\t\t\t\t<h3><a href=\"https:\/\/times.cd\/index.php\/2026\/09\/01\/holdings-news-ledition-de-juillet-2026-un-numero-exceptionnel-deja-en-kiosque\/\" title=\"holdings news: l\u2019\u00e9dition de juillet 2026 : un num\u00e9ro exceptionnel d\u00e9j\u00e0 en kiosque\">holdings news: l\u2019\u00e9dition de juillet 2026 : un num\u00e9ro exceptionnel d\u00e9j\u00e0 en kiosque<\/a><\/h3>\r\n\t\t\t\t\t\t\t\t<a href=\"https:\/\/times.cd\/index.php\/2026\/09\/01\/holdings-news-ledition-de-juillet-2026-un-numero-exceptionnel-deja-en-kiosque\/\" title=\"Read More\">\r\n\t\t\t\t\t\t\t\t\tRead More\t\t\t\t\t\t\t\t<\/a>\r\n\t\t\t\t\t\t\t<\/div>\r\n\t\t\t\t\t\t<\/div>\r\n\t\t\t\t\t<\/div>\r\n\t\t\t\t\t\t\t\t<\/div>\r\n\t\t<\/div><!-- Slider Section \/- -->\r\n\t\t[\/vc_column][\/vc_row][vc_row spadding=\u00a0\u00bbspaddingtop\u00a0\u00bb][vc_column]\t\r\n\t<!-- Page Content -->\r\n\t<div class=\"container-fluid no-left-padding no-right-padding post-3-column\">\r\n\t\t<!-- Container -->\r\n\t\t<div class=\"container no-padding\">\r\n\t\t\t<div class=\"row\">\r\n\t\t\t\t<!-- Content Area -->\r\n\t\t\t\t<div class=\"col-lg-12 col-md-12 content-area\">\r\n\t\t\t\t\t<!-- Row -->\r\n\t\t\t\t\t<div class=\"row\">\r\n\t\t\t\t\t\t\t\t\t\t\t\t\t\t<div class=\"col-lg-4 col-md-6 col-sm-6\">\r\n\t\t\t\t\t\t\t\t\t<div class=\"post-12407 post type-post status-publish format-standard has-post-thumbnail hentry category-politique\">\r\n\t\t\t\t\t\t\t\t\t\t\t\t\t\t\t\t\t\t\t\t\t\t<div class=\"entry-cover\">\r\n\t\t\t\t\t\t\t\t\t\t\t\t\t<div class=\"post-meta\">\r\n\t\t\t\t\t\t\t\t\t\t\t\t\t\t<span class=\"byline\">by\t\t\t\t\t\t\t\t\t\t\t\t\t\t\t<a href=\"https:\/\/times.cd\/index.php\/author\/times_cd\/\" title=\"times_cd\">times_cd<\/a>\r\n\t\t\t\t\t\t\t\t\t\t\t\t\t\t<\/span>\r\n\t\t\t\t\t\t\t\t\t\t\t\t\t\t<span class=\"post-date\">\r\n\t\t\t\t\t\t\t\t\t\t\t\t\t\t\t<a href=\"https:\/\/times.cd\/index.php\/2026\/09\/03\/sao-tome-et-principe-felix-tshisekedi-participe-a-linvestiture-de-carlos-vila-nova\/\">03\/09\/2026<\/a>\r\n\t\t\t\t\t\t\t\t\t\t\t\t\t\t<\/span>\r\n\t\t\t\t\t\t\t\t\t\t\t\t\t<\/div>\r\n\t\t\t\t\t\t\t\t\t\t\t\t\t<a href=\"https:\/\/times.cd\/index.php\/2026\/09\/03\/sao-tome-et-principe-felix-tshisekedi-participe-a-linvestiture-de-carlos-vila-nova\/\">\r\n\t\t\t\t\t\t\t\t\t\t\t\t\t\t<img loading=\"lazy\" decoding=\"async\" width=\"370\" height=\"247\" src=\"https:\/\/times.cd\/wp-content\/uploads\/2026\/09\/1788455929_sao-tome-et-principe-felix-tshisekedi-participe-a-linvestiture-de-carlos-vila-nova-370x247.jpg\" class=\"attachment-minimag_370_247 size-minimag_370_247 wp-post-image\" alt=\"\" srcset=\"https:\/\/times.cd\/wp-content\/uploads\/2026\/09\/1788455929_sao-tome-et-principe-felix-tshisekedi-participe-a-linvestiture-de-carlos-vila-nova-370x247.jpg 370w, https:\/\/times.cd\/wp-content\/uploads\/2026\/09\/1788455929_sao-tome-et-principe-felix-tshisekedi-participe-a-linvestiture-de-carlos-vila-nova-345x230.jpg 345w, https:\/\/times.cd\/wp-content\/uploads\/2026\/09\/1788455929_sao-tome-et-principe-felix-tshisekedi-participe-a-linvestiture-de-carlos-vila-nova-770x513.jpg 770w, https:\/\/times.cd\/wp-content\/uploads\/2026\/09\/1788455929_sao-tome-et-principe-felix-tshisekedi-participe-a-linvestiture-de-carlos-vila-nova-440x294.jpg 440w, https:\/\/times.cd\/wp-content\/uploads\/2026\/09\/1788455929_sao-tome-et-principe-felix-tshisekedi-participe-a-linvestiture-de-carlos-vila-nova-570x380.jpg 570w, https:\/\/times.cd\/wp-content\/uploads\/2026\/09\/1788455929_sao-tome-et-principe-felix-tshisekedi-participe-a-linvestiture-de-carlos-vila-nova-170x113.jpg 170w\" sizes=\"(max-width: 370px) 100vw, 370px\" \/>\t\t\t\t\t\t\t\t\t\t\t\t\t<\/a>\r\n\t\t\t\t\t\t\t\t\t\t\t\t<\/div>\r\n\t\t\t\t\t\t\t\t\t\t\t\t\t\t\t\t\t\t\t\t\t\t<div class=\"entry-content\">\r\n\t\t\t\t\t\t\t\t\t\t\t<div class=\"entry-header\">\r\n\t\t\t\t\t\t\t\t\t\t\t\t\t\t\t\t\t\t\t\t\t\t\t\t\t<span class=\"post-category\">\r\n\t\t\t\t\t\t\t\t\t\t\t\t\t\t<a href=\"https:\/\/times.cd\/index.php\/category\/politique\/\" rel=\"category tag\">politique<\/a>\t\t\t\t\t\t\t\t\t\t\t\t\t<\/span>\r\n\t\t\t\t\t\t\t\t\t\t\t\t\t\t\t\t\t\t\t\t\t\t\t\t\t<h3 class=\"entry-title\">\r\n\t\t\t\t\t\t\t\t\t\t\t\t\t<a href=\"https:\/\/times.cd\/index.php\/2026\/09\/03\/sao-tome-et-principe-felix-tshisekedi-participe-a-linvestiture-de-carlos-vila-nova\/\" title=\"S\u00e3o Tom\u00e9-et-Pr\u00edncipe : F\u00e9lix Tshisekedi participe \u00e0 l\u2019investiture de Carlos Vila Nova\">S\u00e3o Tom\u00e9-et-Pr\u00edncipe : F\u00e9lix Tshisekedi participe \u00e0 l\u2019investiture de Carlos Vila Nova<\/a>\r\n\t\t\t\t\t\t\t\t\t\t\t\t<\/h3>\r\n\t\t\t\t\t\t\t\t\t\t\t<\/div>\r\n\t\t\t\t\t\t\t\t\t\t\t<p>Le Pr\u00e9sident de la R\u00e9publique d\u00e9mocratique du Congo, F\u00e9lix-Antoine Tshisekedi, a pris part, ce jeudi 3 septembre 2026 \u00e0 S\u00e3o Tom\u00e9, \u00e0 la c\u00e9r\u00e9monie d\u2019investiture ...<\/p>\r\n\t\t\t\t\t\t\t\t\t\t\t<a href=\"https:\/\/times.cd\/index.php\/2026\/09\/03\/sao-tome-et-principe-felix-tshisekedi-participe-a-linvestiture-de-carlos-vila-nova\/\" title=\"Read More\">\r\n\t\t\t\t\t\t\t\t\t\t\t\tRead More\t\t\t\t\t\t\t\t\t\t\t<\/a>\r\n\t\t\t\t\t\t\t\t\t\t<\/div>\r\n\t\t\t\t\t\t\t\t\t<\/div>\r\n\t\t\t\t\t\t\t\t<\/div>\r\n\t\t\t\t\t\t\t\t\t\t\t\t\t\t\t\t<div class=\"col-lg-4 col-md-6 col-sm-6\">\r\n\t\t\t\t\t\t\t\t\t<div class=\"post-12404 post type-post status-publish format-standard has-post-thumbnail hentry category-politique\">\r\n\t\t\t\t\t\t\t\t\t\t\t\t\t\t\t\t\t\t\t\t\t\t<div class=\"entry-cover\">\r\n\t\t\t\t\t\t\t\t\t\t\t\t\t<div class=\"post-meta\">\r\n\t\t\t\t\t\t\t\t\t\t\t\t\t\t<span class=\"byline\">by\t\t\t\t\t\t\t\t\t\t\t\t\t\t\t<a href=\"https:\/\/times.cd\/index.php\/author\/times_cd\/\" title=\"times_cd\">times_cd<\/a>\r\n\t\t\t\t\t\t\t\t\t\t\t\t\t\t<\/span>\r\n\t\t\t\t\t\t\t\t\t\t\t\t\t\t<span class=\"post-date\">\r\n\t\t\t\t\t\t\t\t\t\t\t\t\t\t\t<a href=\"https:\/\/times.cd\/index.php\/2026\/09\/03\/kinshasa-plus-de-dgrk-a-kinshasa-deux-nouvelle-regies-crees-pour-maximiser-les-recettes-et-finace-kinshasa-ezo-bonga\/\">03\/09\/2026<\/a>\r\n\t\t\t\t\t\t\t\t\t\t\t\t\t\t<\/span>\r\n\t\t\t\t\t\t\t\t\t\t\t\t\t<\/div>\r\n\t\t\t\t\t\t\t\t\t\t\t\t\t<a href=\"https:\/\/times.cd\/index.php\/2026\/09\/03\/kinshasa-plus-de-dgrk-a-kinshasa-deux-nouvelle-regies-crees-pour-maximiser-les-recettes-et-finace-kinshasa-ezo-bonga\/\">\r\n\t\t\t\t\t\t\t\t\t\t\t\t\t\t<img loading=\"lazy\" decoding=\"async\" width=\"370\" height=\"247\" src=\"https:\/\/times.cd\/wp-content\/uploads\/2026\/09\/FB_IMG_1788437176892-370x247.jpg\" class=\"attachment-minimag_370_247 size-minimag_370_247 wp-post-image\" alt=\"\" srcset=\"https:\/\/times.cd\/wp-content\/uploads\/2026\/09\/FB_IMG_1788437176892-370x247.jpg 370w, https:\/\/times.cd\/wp-content\/uploads\/2026\/09\/FB_IMG_1788437176892-300x201.jpg 300w, https:\/\/times.cd\/wp-content\/uploads\/2026\/09\/FB_IMG_1788437176892-1024x686.jpg 1024w, https:\/\/times.cd\/wp-content\/uploads\/2026\/09\/FB_IMG_1788437176892-768x515.jpg 768w, https:\/\/times.cd\/wp-content\/uploads\/2026\/09\/FB_IMG_1788437176892-345x230.jpg 345w, https:\/\/times.cd\/wp-content\/uploads\/2026\/09\/FB_IMG_1788437176892-770x513.jpg 770w, https:\/\/times.cd\/wp-content\/uploads\/2026\/09\/FB_IMG_1788437176892-440x294.jpg 440w, https:\/\/times.cd\/wp-content\/uploads\/2026\/09\/FB_IMG_1788437176892-570x380.jpg 570w, https:\/\/times.cd\/wp-content\/uploads\/2026\/09\/FB_IMG_1788437176892-170x113.jpg 170w, https:\/\/times.cd\/wp-content\/uploads\/2026\/09\/FB_IMG_1788437176892.jpg 1080w\" sizes=\"(max-width: 370px) 100vw, 370px\" \/>\t\t\t\t\t\t\t\t\t\t\t\t\t<\/a>\r\n\t\t\t\t\t\t\t\t\t\t\t\t<\/div>\r\n\t\t\t\t\t\t\t\t\t\t\t\t\t\t\t\t\t\t\t\t\t\t<div class=\"entry-content\">\r\n\t\t\t\t\t\t\t\t\t\t\t<div class=\"entry-header\">\r\n\t\t\t\t\t\t\t\t\t\t\t\t\t\t\t\t\t\t\t\t\t\t\t\t\t<span class=\"post-category\">\r\n\t\t\t\t\t\t\t\t\t\t\t\t\t\t<a href=\"https:\/\/times.cd\/index.php\/category\/politique\/\" rel=\"category tag\">politique<\/a>\t\t\t\t\t\t\t\t\t\t\t\t\t<\/span>\r\n\t\t\t\t\t\t\t\t\t\t\t\t\t\t\t\t\t\t\t\t\t\t\t\t\t<h3 class=\"entry-title\">\r\n\t\t\t\t\t\t\t\t\t\t\t\t\t<a href=\"https:\/\/times.cd\/index.php\/2026\/09\/03\/kinshasa-plus-de-dgrk-a-kinshasa-deux-nouvelle-regies-crees-pour-maximiser-les-recettes-et-finace-kinshasa-ezo-bonga\/\" title=\"Kinshasa : plus de DGRK \u00e0 Kinshasa deux nouvelle r\u00e9gies cr\u00e9\u00e9s pour maximiser les recettes et finace \u00ab KINSHASA EZO BONGA \u00bb\">Kinshasa : plus de DGRK \u00e0 Kinshasa deux nouvelle r\u00e9gies cr\u00e9\u00e9s pour maximiser les recettes et finace \u00ab KINSHASA EZO BONGA \u00bb<\/a>\r\n\t\t\t\t\t\t\t\t\t\t\t\t<\/h3>\r\n\t\t\t\t\t\t\t\t\t\t\t<\/div>\r\n\t\t\t\t\t\t\t\t\t\t\t<p>La Direction g\u00e9n\u00e9rale des recettes de Kinshasa (DGRK) n\u2019existe d\u00e9sormais plus sous son ancienne forme. Deux nouvelles r\u00e9gies provinciales viennent de prendre le relais avec ...<\/p>\r\n\t\t\t\t\t\t\t\t\t\t\t<a href=\"https:\/\/times.cd\/index.php\/2026\/09\/03\/kinshasa-plus-de-dgrk-a-kinshasa-deux-nouvelle-regies-crees-pour-maximiser-les-recettes-et-finace-kinshasa-ezo-bonga\/\" title=\"Read More\">\r\n\t\t\t\t\t\t\t\t\t\t\t\tRead More\t\t\t\t\t\t\t\t\t\t\t<\/a>\r\n\t\t\t\t\t\t\t\t\t\t<\/div>\r\n\t\t\t\t\t\t\t\t\t<\/div>\r\n\t\t\t\t\t\t\t\t<\/div>\r\n\t\t\t\t\t\t\t\t\t\t\t\t\t\t\t\t<div class=\"col-lg-4 col-md-6 col-sm-6\">\r\n\t\t\t\t\t\t\t\t\t<div class=\"post-12401 post type-post status-publish format-standard has-post-thumbnail hentry category-politique\">\r\n\t\t\t\t\t\t\t\t\t\t\t\t\t\t\t\t\t\t\t\t\t\t<div class=\"entry-cover\">\r\n\t\t\t\t\t\t\t\t\t\t\t\t\t<div class=\"post-meta\">\r\n\t\t\t\t\t\t\t\t\t\t\t\t\t\t<span class=\"byline\">by\t\t\t\t\t\t\t\t\t\t\t\t\t\t\t<a href=\"https:\/\/times.cd\/index.php\/author\/times_cd\/\" title=\"times_cd\">times_cd<\/a>\r\n\t\t\t\t\t\t\t\t\t\t\t\t\t\t<\/span>\r\n\t\t\t\t\t\t\t\t\t\t\t\t\t\t<span class=\"post-date\">\r\n\t\t\t\t\t\t\t\t\t\t\t\t\t\t\t<a href=\"https:\/\/times.cd\/index.php\/2026\/09\/03\/iss-en-huit-mois-la-dg-aliango-marachto-dede-mise-sur-la-modernisation-des-infrastructures-et-la-rigueur-dans-la-gestion\/\">03\/09\/2026<\/a>\r\n\t\t\t\t\t\t\t\t\t\t\t\t\t\t<\/span>\r\n\t\t\t\t\t\t\t\t\t\t\t\t\t<\/div>\r\n\t\t\t\t\t\t\t\t\t\t\t\t\t<a href=\"https:\/\/times.cd\/index.php\/2026\/09\/03\/iss-en-huit-mois-la-dg-aliango-marachto-dede-mise-sur-la-modernisation-des-infrastructures-et-la-rigueur-dans-la-gestion\/\">\r\n\t\t\t\t\t\t\t\t\t\t\t\t\t\t<img loading=\"lazy\" decoding=\"async\" width=\"370\" height=\"247\" src=\"https:\/\/times.cd\/wp-content\/uploads\/2026\/09\/IMG-20260903-WA00002-370x247.jpg\" class=\"attachment-minimag_370_247 size-minimag_370_247 wp-post-image\" alt=\"\" srcset=\"https:\/\/times.cd\/wp-content\/uploads\/2026\/09\/IMG-20260903-WA00002-370x247.jpg 370w, https:\/\/times.cd\/wp-content\/uploads\/2026\/09\/IMG-20260903-WA00002-300x200.jpg 300w, https:\/\/times.cd\/wp-content\/uploads\/2026\/09\/IMG-20260903-WA00002-1024x683.jpg 1024w, https:\/\/times.cd\/wp-content\/uploads\/2026\/09\/IMG-20260903-WA00002-768x512.jpg 768w, https:\/\/times.cd\/wp-content\/uploads\/2026\/09\/IMG-20260903-WA00002-345x230.jpg 345w, https:\/\/times.cd\/wp-content\/uploads\/2026\/09\/IMG-20260903-WA00002-770x513.jpg 770w, https:\/\/times.cd\/wp-content\/uploads\/2026\/09\/IMG-20260903-WA00002-440x294.jpg 440w, https:\/\/times.cd\/wp-content\/uploads\/2026\/09\/IMG-20260903-WA00002-570x380.jpg 570w, https:\/\/times.cd\/wp-content\/uploads\/2026\/09\/IMG-20260903-WA00002-170x113.jpg 170w, https:\/\/times.cd\/wp-content\/uploads\/2026\/09\/IMG-20260903-WA00002.jpg 1080w\" sizes=\"(max-width: 370px) 100vw, 370px\" \/>\t\t\t\t\t\t\t\t\t\t\t\t\t<\/a>\r\n\t\t\t\t\t\t\t\t\t\t\t\t<\/div>\r\n\t\t\t\t\t\t\t\t\t\t\t\t\t\t\t\t\t\t\t\t\t\t<div class=\"entry-content\">\r\n\t\t\t\t\t\t\t\t\t\t\t<div class=\"entry-header\">\r\n\t\t\t\t\t\t\t\t\t\t\t\t\t\t\t\t\t\t\t\t\t\t\t\t\t<span class=\"post-category\">\r\n\t\t\t\t\t\t\t\t\t\t\t\t\t\t<a href=\"https:\/\/times.cd\/index.php\/category\/politique\/\" rel=\"category tag\">politique<\/a>\t\t\t\t\t\t\t\t\t\t\t\t\t<\/span>\r\n\t\t\t\t\t\t\t\t\t\t\t\t\t\t\t\t\t\t\t\t\t\t\t\t\t<h3 class=\"entry-title\">\r\n\t\t\t\t\t\t\t\t\t\t\t\t\t<a href=\"https:\/\/times.cd\/index.php\/2026\/09\/03\/iss-en-huit-mois-la-dg-aliango-marachto-dede-mise-sur-la-modernisation-des-infrastructures-et-la-rigueur-dans-la-gestion\/\" title=\"ISS : en huit mois, la DG Aliango Marachto D\u00e9d\u00e9 mise sur la modernisation des infrastructures et la rigueur dans la gestion\">ISS : en huit mois, la DG Aliango Marachto D\u00e9d\u00e9 mise sur la modernisation des infrastructures et la rigueur dans la gestion<\/a>\r\n\t\t\t\t\t\t\t\t\t\t\t\t<\/h3>\r\n\t\t\t\t\t\t\t\t\t\t\t<\/div>\r\n\t\t\t\t\t\t\t\t\t\t\t<p>\u00c0 peine huit mois apr\u00e8s sa prise de fonctions \u00e0 la t\u00eate de l\u2019Institut sup\u00e9rieur de statistique (ISS), la professeure Aliango Marachto D\u00e9d\u00e9 veut imprimer ...<\/p>\r\n\t\t\t\t\t\t\t\t\t\t\t<a href=\"https:\/\/times.cd\/index.php\/2026\/09\/03\/iss-en-huit-mois-la-dg-aliango-marachto-dede-mise-sur-la-modernisation-des-infrastructures-et-la-rigueur-dans-la-gestion\/\" title=\"Read More\">\r\n\t\t\t\t\t\t\t\t\t\t\t\tRead More\t\t\t\t\t\t\t\t\t\t\t<\/a>\r\n\t\t\t\t\t\t\t\t\t\t<\/div>\r\n\t\t\t\t\t\t\t\t\t<\/div>\r\n\t\t\t\t\t\t\t\t<\/div>\r\n\t\t\t\t\t\t\t\t\t\t\t\t\t\t\t\t<div class=\"col-lg-4 col-md-6 col-sm-6\">\r\n\t\t\t\t\t\t\t\t\t<div class=\"post-12397 post type-post status-publish format-standard has-post-thumbnail hentry category-politique\">\r\n\t\t\t\t\t\t\t\t\t\t\t\t\t\t\t\t\t\t\t\t\t\t<div class=\"entry-cover\">\r\n\t\t\t\t\t\t\t\t\t\t\t\t\t<div class=\"post-meta\">\r\n\t\t\t\t\t\t\t\t\t\t\t\t\t\t<span class=\"byline\">by\t\t\t\t\t\t\t\t\t\t\t\t\t\t\t<a href=\"https:\/\/times.cd\/index.php\/author\/times_cd\/\" title=\"times_cd\">times_cd<\/a>\r\n\t\t\t\t\t\t\t\t\t\t\t\t\t\t<\/span>\r\n\t\t\t\t\t\t\t\t\t\t\t\t\t\t<span class=\"post-date\">\r\n\t\t\t\t\t\t\t\t\t\t\t\t\t\t\t<a href=\"https:\/\/times.cd\/index.php\/2026\/09\/03\/kwango-kenge-samuel-mbemba-enflamme-la-population-et-porte-le-dialogue-national-au-coeur-du-peuple\/\">03\/09\/2026<\/a>\r\n\t\t\t\t\t\t\t\t\t\t\t\t\t\t<\/span>\r\n\t\t\t\t\t\t\t\t\t\t\t\t\t<\/div>\r\n\t\t\t\t\t\t\t\t\t\t\t\t\t<a href=\"https:\/\/times.cd\/index.php\/2026\/09\/03\/kwango-kenge-samuel-mbemba-enflamme-la-population-et-porte-le-dialogue-national-au-coeur-du-peuple\/\">\r\n\t\t\t\t\t\t\t\t\t\t\t\t\t\t<img loading=\"lazy\" decoding=\"async\" width=\"370\" height=\"247\" src=\"https:\/\/times.cd\/wp-content\/uploads\/2026\/09\/IMG-20260903-WA0020-370x247.jpg\" class=\"attachment-minimag_370_247 size-minimag_370_247 wp-post-image\" alt=\"\" srcset=\"https:\/\/times.cd\/wp-content\/uploads\/2026\/09\/IMG-20260903-WA0020-370x247.jpg 370w, https:\/\/times.cd\/wp-content\/uploads\/2026\/09\/IMG-20260903-WA0020-300x200.jpg 300w, https:\/\/times.cd\/wp-content\/uploads\/2026\/09\/IMG-20260903-WA0020-1024x683.jpg 1024w, https:\/\/times.cd\/wp-content\/uploads\/2026\/09\/IMG-20260903-WA0020-768x512.jpg 768w, https:\/\/times.cd\/wp-content\/uploads\/2026\/09\/IMG-20260903-WA0020-1536x1025.jpg 1536w, https:\/\/times.cd\/wp-content\/uploads\/2026\/09\/IMG-20260903-WA0020-2048x1366.jpg 2048w, https:\/\/times.cd\/wp-content\/uploads\/2026\/09\/IMG-20260903-WA0020-345x230.jpg 345w, https:\/\/times.cd\/wp-content\/uploads\/2026\/09\/IMG-20260903-WA0020-770x513.jpg 770w, https:\/\/times.cd\/wp-content\/uploads\/2026\/09\/IMG-20260903-WA0020-440x294.jpg 440w, https:\/\/times.cd\/wp-content\/uploads\/2026\/09\/IMG-20260903-WA0020-570x380.jpg 570w, https:\/\/times.cd\/wp-content\/uploads\/2026\/09\/IMG-20260903-WA0020-170x113.jpg 170w\" sizes=\"(max-width: 370px) 100vw, 370px\" \/>\t\t\t\t\t\t\t\t\t\t\t\t\t<\/a>\r\n\t\t\t\t\t\t\t\t\t\t\t\t<\/div>\r\n\t\t\t\t\t\t\t\t\t\t\t\t\t\t\t\t\t\t\t\t\t\t<div class=\"entry-content\">\r\n\t\t\t\t\t\t\t\t\t\t\t<div class=\"entry-header\">\r\n\t\t\t\t\t\t\t\t\t\t\t\t\t\t\t\t\t\t\t\t\t\t\t\t\t<span class=\"post-category\">\r\n\t\t\t\t\t\t\t\t\t\t\t\t\t\t<a href=\"https:\/\/times.cd\/index.php\/category\/politique\/\" rel=\"category tag\">politique<\/a>\t\t\t\t\t\t\t\t\t\t\t\t\t<\/span>\r\n\t\t\t\t\t\t\t\t\t\t\t\t\t\t\t\t\t\t\t\t\t\t\t\t\t<h3 class=\"entry-title\">\r\n\t\t\t\t\t\t\t\t\t\t\t\t\t<a href=\"https:\/\/times.cd\/index.php\/2026\/09\/03\/kwango-kenge-samuel-mbemba-enflamme-la-population-et-porte-le-dialogue-national-au-coeur-du-peuple\/\" title=\"Kwango\/Kenge:  Samuel Mbemba enflamme la population et porte le dialogue national au c\u0153ur du peuple\">Kwango\/Kenge:  Samuel Mbemba enflamme la population et porte le dialogue national au c\u0153ur du peuple<\/a>\r\n\t\t\t\t\t\t\t\t\t\t\t\t<\/h3>\r\n\t\t\t\t\t\t\t\t\t\t\t<\/div>\r\n\t\t\t\t\t\t\t\t\t\t\t<p>En s\u00e9jour \u00e0 Kenge, chef-lieu de la province du Kwango, pour l'inauguration du nouveau b\u00e2timent de la Division Provinciale des Droits Humains, le Ministre des ...<\/p>\r\n\t\t\t\t\t\t\t\t\t\t\t<a href=\"https:\/\/times.cd\/index.php\/2026\/09\/03\/kwango-kenge-samuel-mbemba-enflamme-la-population-et-porte-le-dialogue-national-au-coeur-du-peuple\/\" title=\"Read More\">\r\n\t\t\t\t\t\t\t\t\t\t\t\tRead More\t\t\t\t\t\t\t\t\t\t\t<\/a>\r\n\t\t\t\t\t\t\t\t\t\t<\/div>\r\n\t\t\t\t\t\t\t\t\t<\/div>\r\n\t\t\t\t\t\t\t\t<\/div>\r\n\t\t\t\t\t\t\t\t\t\t\t\t\t\t\t\t<div class=\"col-lg-4 col-md-6 col-sm-6\">\r\n\t\t\t\t\t\t\t\t\t<div class=\"post-12392 post type-post status-publish format-standard has-post-thumbnail hentry category-politique\">\r\n\t\t\t\t\t\t\t\t\t\t\t\t\t\t\t\t\t\t\t\t\t\t<div class=\"entry-cover\">\r\n\t\t\t\t\t\t\t\t\t\t\t\t\t<div class=\"post-meta\">\r\n\t\t\t\t\t\t\t\t\t\t\t\t\t\t<span class=\"byline\">by\t\t\t\t\t\t\t\t\t\t\t\t\t\t\t<a href=\"https:\/\/times.cd\/index.php\/author\/times_cd\/\" title=\"times_cd\">times_cd<\/a>\r\n\t\t\t\t\t\t\t\t\t\t\t\t\t\t<\/span>\r\n\t\t\t\t\t\t\t\t\t\t\t\t\t\t<span class=\"post-date\">\r\n\t\t\t\t\t\t\t\t\t\t\t\t\t\t\t<a href=\"https:\/\/times.cd\/index.php\/2026\/09\/01\/rdc-le-pcn-de-willy-bakonga-veut-le-dialogue-mais-pas-a-nimporte-quel-prix\/\">01\/09\/2026<\/a>\r\n\t\t\t\t\t\t\t\t\t\t\t\t\t\t<\/span>\r\n\t\t\t\t\t\t\t\t\t\t\t\t\t<\/div>\r\n\t\t\t\t\t\t\t\t\t\t\t\t\t<a href=\"https:\/\/times.cd\/index.php\/2026\/09\/01\/rdc-le-pcn-de-willy-bakonga-veut-le-dialogue-mais-pas-a-nimporte-quel-prix\/\">\r\n\t\t\t\t\t\t\t\t\t\t\t\t\t\t<img loading=\"lazy\" decoding=\"async\" width=\"370\" height=\"247\" src=\"https:\/\/times.cd\/wp-content\/uploads\/2026\/09\/Screenshot_20260901-1746102-370x247.jpg\" class=\"attachment-minimag_370_247 size-minimag_370_247 wp-post-image\" alt=\"\" srcset=\"https:\/\/times.cd\/wp-content\/uploads\/2026\/09\/Screenshot_20260901-1746102-370x247.jpg 370w, https:\/\/times.cd\/wp-content\/uploads\/2026\/09\/Screenshot_20260901-1746102-345x230.jpg 345w, https:\/\/times.cd\/wp-content\/uploads\/2026\/09\/Screenshot_20260901-1746102-440x294.jpg 440w, https:\/\/times.cd\/wp-content\/uploads\/2026\/09\/Screenshot_20260901-1746102-570x380.jpg 570w, https:\/\/times.cd\/wp-content\/uploads\/2026\/09\/Screenshot_20260901-1746102-170x113.jpg 170w\" sizes=\"(max-width: 370px) 100vw, 370px\" \/>\t\t\t\t\t\t\t\t\t\t\t\t\t<\/a>\r\n\t\t\t\t\t\t\t\t\t\t\t\t<\/div>\r\n\t\t\t\t\t\t\t\t\t\t\t\t\t\t\t\t\t\t\t\t\t\t<div class=\"entry-content\">\r\n\t\t\t\t\t\t\t\t\t\t\t<div class=\"entry-header\">\r\n\t\t\t\t\t\t\t\t\t\t\t\t\t\t\t\t\t\t\t\t\t\t\t\t\t<span class=\"post-category\">\r\n\t\t\t\t\t\t\t\t\t\t\t\t\t\t<a href=\"https:\/\/times.cd\/index.php\/category\/politique\/\" rel=\"category tag\">politique<\/a>\t\t\t\t\t\t\t\t\t\t\t\t\t<\/span>\r\n\t\t\t\t\t\t\t\t\t\t\t\t\t\t\t\t\t\t\t\t\t\t\t\t\t<h3 class=\"entry-title\">\r\n\t\t\t\t\t\t\t\t\t\t\t\t\t<a href=\"https:\/\/times.cd\/index.php\/2026\/09\/01\/rdc-le-pcn-de-willy-bakonga-veut-le-dialogue-mais-pas-a-nimporte-quel-prix\/\" title=\"RDC : le PCN de Willy Bakonga veut le dialogue\u2026 mais pas \u00e0 n\u2019importe quel prix\">RDC : le PCN de Willy Bakonga veut le dialogue\u2026 mais pas \u00e0 n\u2019importe quel prix<\/a>\r\n\t\t\t\t\t\t\t\t\t\t\t\t<\/h3>\r\n\t\t\t\t\t\t\t\t\t\t\t<\/div>\r\n\t\t\t\t\t\t\t\t\t\t\t<p>En R\u00e9publique d\u00e9mocratique du Congo, le mot \u00ab dialogue \u00bb semble \u00eatre devenu un peu comme le \u00ab Ndombolo \u00bb : tout le monde veut ...<\/p>\r\n\t\t\t\t\t\t\t\t\t\t\t<a href=\"https:\/\/times.cd\/index.php\/2026\/09\/01\/rdc-le-pcn-de-willy-bakonga-veut-le-dialogue-mais-pas-a-nimporte-quel-prix\/\" title=\"Read More\">\r\n\t\t\t\t\t\t\t\t\t\t\t\tRead More\t\t\t\t\t\t\t\t\t\t\t<\/a>\r\n\t\t\t\t\t\t\t\t\t\t<\/div>\r\n\t\t\t\t\t\t\t\t\t<\/div>\r\n\t\t\t\t\t\t\t\t<\/div>\r\n\t\t\t\t\t\t\t\t\t\t\t\t\t\t\t\t<div class=\"col-lg-4 col-md-6 col-sm-6\">\r\n\t\t\t\t\t\t\t\t\t<div class=\"post-12386 post type-post status-publish format-standard has-post-thumbnail hentry category-politique\">\r\n\t\t\t\t\t\t\t\t\t\t\t\t\t\t\t\t\t\t\t\t\t\t<div class=\"entry-cover\">\r\n\t\t\t\t\t\t\t\t\t\t\t\t\t<div class=\"post-meta\">\r\n\t\t\t\t\t\t\t\t\t\t\t\t\t\t<span class=\"byline\">by\t\t\t\t\t\t\t\t\t\t\t\t\t\t\t<a href=\"https:\/\/times.cd\/index.php\/author\/times_cd\/\" title=\"times_cd\">times_cd<\/a>\r\n\t\t\t\t\t\t\t\t\t\t\t\t\t\t<\/span>\r\n\t\t\t\t\t\t\t\t\t\t\t\t\t\t<span class=\"post-date\">\r\n\t\t\t\t\t\t\t\t\t\t\t\t\t\t\t<a href=\"https:\/\/times.cd\/index.php\/2026\/09\/01\/kasai-oriental-a-mbujimayi-la-metamorphose-de-la-ville-saluee-par-le-depute-national-morice-tshikuya\/\">01\/09\/2026<\/a>\r\n\t\t\t\t\t\t\t\t\t\t\t\t\t\t<\/span>\r\n\t\t\t\t\t\t\t\t\t\t\t\t\t<\/div>\r\n\t\t\t\t\t\t\t\t\t\t\t\t\t<a href=\"https:\/\/times.cd\/index.php\/2026\/09\/01\/kasai-oriental-a-mbujimayi-la-metamorphose-de-la-ville-saluee-par-le-depute-national-morice-tshikuya\/\">\r\n\t\t\t\t\t\t\t\t\t\t\t\t\t\t<img loading=\"lazy\" decoding=\"async\" width=\"370\" height=\"247\" src=\"https:\/\/times.cd\/wp-content\/uploads\/2026\/09\/Screenshot_20260901-1509352-1-370x247.jpg\" class=\"attachment-minimag_370_247 size-minimag_370_247 wp-post-image\" alt=\"\" srcset=\"https:\/\/times.cd\/wp-content\/uploads\/2026\/09\/Screenshot_20260901-1509352-1-370x247.jpg 370w, https:\/\/times.cd\/wp-content\/uploads\/2026\/09\/Screenshot_20260901-1509352-1-345x230.jpg 345w, https:\/\/times.cd\/wp-content\/uploads\/2026\/09\/Screenshot_20260901-1509352-1-440x294.jpg 440w, https:\/\/times.cd\/wp-content\/uploads\/2026\/09\/Screenshot_20260901-1509352-1-570x380.jpg 570w, https:\/\/times.cd\/wp-content\/uploads\/2026\/09\/Screenshot_20260901-1509352-1-170x113.jpg 170w\" sizes=\"(max-width: 370px) 100vw, 370px\" \/>\t\t\t\t\t\t\t\t\t\t\t\t\t<\/a>\r\n\t\t\t\t\t\t\t\t\t\t\t\t<\/div>\r\n\t\t\t\t\t\t\t\t\t\t\t\t\t\t\t\t\t\t\t\t\t\t<div class=\"entry-content\">\r\n\t\t\t\t\t\t\t\t\t\t\t<div class=\"entry-header\">\r\n\t\t\t\t\t\t\t\t\t\t\t\t\t\t\t\t\t\t\t\t\t\t\t\t\t<span class=\"post-category\">\r\n\t\t\t\t\t\t\t\t\t\t\t\t\t\t<a href=\"https:\/\/times.cd\/index.php\/category\/politique\/\" rel=\"category tag\">politique<\/a>\t\t\t\t\t\t\t\t\t\t\t\t\t<\/span>\r\n\t\t\t\t\t\t\t\t\t\t\t\t\t\t\t\t\t\t\t\t\t\t\t\t\t<h3 class=\"entry-title\">\r\n\t\t\t\t\t\t\t\t\t\t\t\t\t<a href=\"https:\/\/times.cd\/index.php\/2026\/09\/01\/kasai-oriental-a-mbujimayi-la-metamorphose-de-la-ville-saluee-par-le-depute-national-morice-tshikuya\/\" title=\"Kasa\u00ef-Oriental: \u00c0 Mbujimayi, la m\u00e9tamorphose de la ville salu\u00e9e par le d\u00e9put\u00e9 national Morice Tshikuya\">Kasa\u00ef-Oriental: \u00c0 Mbujimayi, la m\u00e9tamorphose de la ville salu\u00e9e par le d\u00e9put\u00e9 national Morice Tshikuya<\/a>\r\n\t\t\t\t\t\t\t\t\t\t\t\t<\/h3>\r\n\t\t\t\t\t\t\t\t\t\t\t<\/div>\r\n\t\t\t\t\t\t\t\t\t\t\t<p>Mbujimayi change de visage. De jour en jour, la capitale du Kasa\u00ef-Oriental voit \u00e9merger de nouvelles infrastructures qui t\u00e9moignent d\u2019une dynamique de transformation urbaine.\n\n\n\nParmi les ...<\/p>\r\n\t\t\t\t\t\t\t\t\t\t\t<a href=\"https:\/\/times.cd\/index.php\/2026\/09\/01\/kasai-oriental-a-mbujimayi-la-metamorphose-de-la-ville-saluee-par-le-depute-national-morice-tshikuya\/\" title=\"Read More\">\r\n\t\t\t\t\t\t\t\t\t\t\t\tRead More\t\t\t\t\t\t\t\t\t\t\t<\/a>\r\n\t\t\t\t\t\t\t\t\t\t<\/div>\r\n\t\t\t\t\t\t\t\t\t<\/div>\r\n\t\t\t\t\t\t\t\t<\/div>\r\n\t\t\t\t\t\t\t\t\t\t\t\t\t\t\t\t<div class=\"col-lg-4 col-md-6 col-sm-6\">\r\n\t\t\t\t\t\t\t\t\t<div class=\"post-12382 post type-post status-publish format-standard has-post-thumbnail hentry category-politique\">\r\n\t\t\t\t\t\t\t\t\t\t\t\t\t\t\t\t\t\t\t\t\t\t<div class=\"entry-cover\">\r\n\t\t\t\t\t\t\t\t\t\t\t\t\t<div class=\"post-meta\">\r\n\t\t\t\t\t\t\t\t\t\t\t\t\t\t<span class=\"byline\">by\t\t\t\t\t\t\t\t\t\t\t\t\t\t\t<a href=\"https:\/\/times.cd\/index.php\/author\/times_cd\/\" title=\"times_cd\">times_cd<\/a>\r\n\t\t\t\t\t\t\t\t\t\t\t\t\t\t<\/span>\r\n\t\t\t\t\t\t\t\t\t\t\t\t\t\t<span class=\"post-date\">\r\n\t\t\t\t\t\t\t\t\t\t\t\t\t\t\t<a href=\"https:\/\/times.cd\/index.php\/2026\/09\/01\/bientot-kinshasa-aura-un-nouveau-plan-de-circulation-routiere\/\">01\/09\/2026<\/a>\r\n\t\t\t\t\t\t\t\t\t\t\t\t\t\t<\/span>\r\n\t\t\t\t\t\t\t\t\t\t\t\t\t<\/div>\r\n\t\t\t\t\t\t\t\t\t\t\t\t\t<a href=\"https:\/\/times.cd\/index.php\/2026\/09\/01\/bientot-kinshasa-aura-un-nouveau-plan-de-circulation-routiere\/\">\r\n\t\t\t\t\t\t\t\t\t\t\t\t\t\t<img loading=\"lazy\" decoding=\"async\" width=\"370\" height=\"247\" src=\"https:\/\/times.cd\/wp-content\/uploads\/2026\/09\/IMG-20260901-WA0026-370x247.jpg\" class=\"attachment-minimag_370_247 size-minimag_370_247 wp-post-image\" alt=\"\" srcset=\"https:\/\/times.cd\/wp-content\/uploads\/2026\/09\/IMG-20260901-WA0026-370x247.jpg 370w, https:\/\/times.cd\/wp-content\/uploads\/2026\/09\/IMG-20260901-WA0026-345x230.jpg 345w, https:\/\/times.cd\/wp-content\/uploads\/2026\/09\/IMG-20260901-WA0026-770x513.jpg 770w, https:\/\/times.cd\/wp-content\/uploads\/2026\/09\/IMG-20260901-WA0026-440x294.jpg 440w, https:\/\/times.cd\/wp-content\/uploads\/2026\/09\/IMG-20260901-WA0026-570x380.jpg 570w, https:\/\/times.cd\/wp-content\/uploads\/2026\/09\/IMG-20260901-WA0026-170x113.jpg 170w\" sizes=\"(max-width: 370px) 100vw, 370px\" \/>\t\t\t\t\t\t\t\t\t\t\t\t\t<\/a>\r\n\t\t\t\t\t\t\t\t\t\t\t\t<\/div>\r\n\t\t\t\t\t\t\t\t\t\t\t\t\t\t\t\t\t\t\t\t\t\t<div class=\"entry-content\">\r\n\t\t\t\t\t\t\t\t\t\t\t<div class=\"entry-header\">\r\n\t\t\t\t\t\t\t\t\t\t\t\t\t\t\t\t\t\t\t\t\t\t\t\t\t<span class=\"post-category\">\r\n\t\t\t\t\t\t\t\t\t\t\t\t\t\t<a href=\"https:\/\/times.cd\/index.php\/category\/politique\/\" rel=\"category tag\">politique<\/a>\t\t\t\t\t\t\t\t\t\t\t\t\t<\/span>\r\n\t\t\t\t\t\t\t\t\t\t\t\t\t\t\t\t\t\t\t\t\t\t\t\t\t<h3 class=\"entry-title\">\r\n\t\t\t\t\t\t\t\t\t\t\t\t\t<a href=\"https:\/\/times.cd\/index.php\/2026\/09\/01\/bientot-kinshasa-aura-un-nouveau-plan-de-circulation-routiere\/\" title=\"Bient\u00f4t, Kinshasa aura un nouveau plan de circulation routi\u00e8re\">Bient\u00f4t, Kinshasa aura un nouveau plan de circulation routi\u00e8re<\/a>\r\n\t\t\t\t\t\t\t\t\t\t\t\t<\/h3>\r\n\t\t\t\t\t\t\t\t\t\t\t<\/div>\r\n\t\t\t\t\t\t\t\t\t\t\t<p>Le Gouverneur de la ville de Kinshasa, SEM Daniel Bumba, a pr\u00e9sid\u00e9 ce lundi 31 ao\u00fbt 2026, une importante r\u00e9union consacr\u00e9e aux nouvelles r\u00e9glementations relatives ...<\/p>\r\n\t\t\t\t\t\t\t\t\t\t\t<a href=\"https:\/\/times.cd\/index.php\/2026\/09\/01\/bientot-kinshasa-aura-un-nouveau-plan-de-circulation-routiere\/\" title=\"Read More\">\r\n\t\t\t\t\t\t\t\t\t\t\t\tRead More\t\t\t\t\t\t\t\t\t\t\t<\/a>\r\n\t\t\t\t\t\t\t\t\t\t<\/div>\r\n\t\t\t\t\t\t\t\t\t<\/div>\r\n\t\t\t\t\t\t\t\t<\/div>\r\n\t\t\t\t\t\t\t\t\t\t\t\t\t\t\t\t<div class=\"col-lg-4 col-md-6 col-sm-6\">\r\n\t\t\t\t\t\t\t\t\t<div class=\"post-12378 post type-post status-publish format-standard has-post-thumbnail hentry category-politique\">\r\n\t\t\t\t\t\t\t\t\t\t\t\t\t\t\t\t\t\t\t\t\t\t<div class=\"entry-cover\">\r\n\t\t\t\t\t\t\t\t\t\t\t\t\t<div class=\"post-meta\">\r\n\t\t\t\t\t\t\t\t\t\t\t\t\t\t<span class=\"byline\">by\t\t\t\t\t\t\t\t\t\t\t\t\t\t\t<a href=\"https:\/\/times.cd\/index.php\/author\/times_cd\/\" title=\"times_cd\">times_cd<\/a>\r\n\t\t\t\t\t\t\t\t\t\t\t\t\t\t<\/span>\r\n\t\t\t\t\t\t\t\t\t\t\t\t\t\t<span class=\"post-date\">\r\n\t\t\t\t\t\t\t\t\t\t\t\t\t\t\t<a href=\"https:\/\/times.cd\/index.php\/2026\/09\/01\/holdings-news-ledition-de-juillet-2026-un-numero-exceptionnel-deja-en-kiosque\/\">01\/09\/2026<\/a>\r\n\t\t\t\t\t\t\t\t\t\t\t\t\t\t<\/span>\r\n\t\t\t\t\t\t\t\t\t\t\t\t\t<\/div>\r\n\t\t\t\t\t\t\t\t\t\t\t\t\t<a href=\"https:\/\/times.cd\/index.php\/2026\/09\/01\/holdings-news-ledition-de-juillet-2026-un-numero-exceptionnel-deja-en-kiosque\/\">\r\n\t\t\t\t\t\t\t\t\t\t\t\t\t\t<img loading=\"lazy\" decoding=\"async\" width=\"370\" height=\"247\" src=\"https:\/\/times.cd\/wp-content\/uploads\/2026\/09\/IMG-20260827-WA00241-370x247.jpg\" class=\"attachment-minimag_370_247 size-minimag_370_247 wp-post-image\" alt=\"\" srcset=\"https:\/\/times.cd\/wp-content\/uploads\/2026\/09\/IMG-20260827-WA00241-370x247.jpg 370w, https:\/\/times.cd\/wp-content\/uploads\/2026\/09\/IMG-20260827-WA00241-345x230.jpg 345w, https:\/\/times.cd\/wp-content\/uploads\/2026\/09\/IMG-20260827-WA00241-770x513.jpg 770w, https:\/\/times.cd\/wp-content\/uploads\/2026\/09\/IMG-20260827-WA00241-440x294.jpg 440w, https:\/\/times.cd\/wp-content\/uploads\/2026\/09\/IMG-20260827-WA00241-570x380.jpg 570w, https:\/\/times.cd\/wp-content\/uploads\/2026\/09\/IMG-20260827-WA00241-170x113.jpg 170w\" sizes=\"(max-width: 370px) 100vw, 370px\" \/>\t\t\t\t\t\t\t\t\t\t\t\t\t<\/a>\r\n\t\t\t\t\t\t\t\t\t\t\t\t<\/div>\r\n\t\t\t\t\t\t\t\t\t\t\t\t\t\t\t\t\t\t\t\t\t\t<div class=\"entry-content\">\r\n\t\t\t\t\t\t\t\t\t\t\t<div class=\"entry-header\">\r\n\t\t\t\t\t\t\t\t\t\t\t\t\t\t\t\t\t\t\t\t\t\t\t\t\t<span class=\"post-category\">\r\n\t\t\t\t\t\t\t\t\t\t\t\t\t\t<a href=\"https:\/\/times.cd\/index.php\/category\/politique\/\" rel=\"category tag\">politique<\/a>\t\t\t\t\t\t\t\t\t\t\t\t\t<\/span>\r\n\t\t\t\t\t\t\t\t\t\t\t\t\t\t\t\t\t\t\t\t\t\t\t\t\t<h3 class=\"entry-title\">\r\n\t\t\t\t\t\t\t\t\t\t\t\t\t<a href=\"https:\/\/times.cd\/index.php\/2026\/09\/01\/holdings-news-ledition-de-juillet-2026-un-numero-exceptionnel-deja-en-kiosque\/\" title=\"holdings news: l\u2019\u00e9dition de juillet 2026 : un num\u00e9ro exceptionnel d\u00e9j\u00e0 en kiosque\">holdings news: l\u2019\u00e9dition de juillet 2026 : un num\u00e9ro exceptionnel d\u00e9j\u00e0 en kiosque<\/a>\r\n\t\t\t\t\t\t\t\t\t\t\t\t<\/h3>\r\n\t\t\t\t\t\t\t\t\t\t\t<\/div>\r\n\t\t\t\t\t\t\t\t\t\t\t<p>Avec \u00e0 la Une le Gouverneur du Haut-Katanga, Martin KazembeC\u2019est le rendez-vous mensuel des d\u00e9cideurs. L\u2019\u00e9dition de juillet 2026 de HOLDINGS NEWS, le magazine mensuel ...<\/p>\r\n\t\t\t\t\t\t\t\t\t\t\t<a href=\"https:\/\/times.cd\/index.php\/2026\/09\/01\/holdings-news-ledition-de-juillet-2026-un-numero-exceptionnel-deja-en-kiosque\/\" title=\"Read More\">\r\n\t\t\t\t\t\t\t\t\t\t\t\tRead More\t\t\t\t\t\t\t\t\t\t\t<\/a>\r\n\t\t\t\t\t\t\t\t\t\t<\/div>\r\n\t\t\t\t\t\t\t\t\t<\/div>\r\n\t\t\t\t\t\t\t\t<\/div>\r\n\t\t\t\t\t\t\t\t\t\t\t\t\t\t\t\t<div class=\"col-lg-4 col-md-6 col-sm-6\">\r\n\t\t\t\t\t\t\t\t\t<div class=\"post-12351 post type-post status-publish format-standard has-post-thumbnail hentry category-politique\">\r\n\t\t\t\t\t\t\t\t\t\t\t\t\t\t\t\t\t\t\t\t\t\t<div class=\"entry-cover\">\r\n\t\t\t\t\t\t\t\t\t\t\t\t\t<div class=\"post-meta\">\r\n\t\t\t\t\t\t\t\t\t\t\t\t\t\t<span class=\"byline\">by\t\t\t\t\t\t\t\t\t\t\t\t\t\t\t<a href=\"https:\/\/times.cd\/index.php\/author\/times_cd\/\" title=\"times_cd\">times_cd<\/a>\r\n\t\t\t\t\t\t\t\t\t\t\t\t\t\t<\/span>\r\n\t\t\t\t\t\t\t\t\t\t\t\t\t\t<span class=\"post-date\">\r\n\t\t\t\t\t\t\t\t\t\t\t\t\t\t\t<a href=\"https:\/\/times.cd\/index.php\/2026\/08\/31\/mbujimayi-une-ceremonie-de-foi-un-bilan-et-une-demande-de-lumiere\/\">31\/08\/2026<\/a>\r\n\t\t\t\t\t\t\t\t\t\t\t\t\t\t<\/span>\r\n\t\t\t\t\t\t\t\t\t\t\t\t\t<\/div>\r\n\t\t\t\t\t\t\t\t\t\t\t\t\t<a href=\"https:\/\/times.cd\/index.php\/2026\/08\/31\/mbujimayi-une-ceremonie-de-foi-un-bilan-et-une-demande-de-lumiere\/\">\r\n\t\t\t\t\t\t\t\t\t\t\t\t\t\t<img loading=\"lazy\" decoding=\"async\" width=\"370\" height=\"247\" src=\"https:\/\/times.cd\/wp-content\/uploads\/2026\/08\/FB_IMG_1788173680856-1-370x247.jpg\" class=\"attachment-minimag_370_247 size-minimag_370_247 wp-post-image\" alt=\"\" srcset=\"https:\/\/times.cd\/wp-content\/uploads\/2026\/08\/FB_IMG_1788173680856-1-370x247.jpg 370w, https:\/\/times.cd\/wp-content\/uploads\/2026\/08\/FB_IMG_1788173680856-1-300x200.jpg 300w, https:\/\/times.cd\/wp-content\/uploads\/2026\/08\/FB_IMG_1788173680856-1-1024x682.jpg 1024w, https:\/\/times.cd\/wp-content\/uploads\/2026\/08\/FB_IMG_1788173680856-1-768x511.jpg 768w, https:\/\/times.cd\/wp-content\/uploads\/2026\/08\/FB_IMG_1788173680856-1-345x230.jpg 345w, https:\/\/times.cd\/wp-content\/uploads\/2026\/08\/FB_IMG_1788173680856-1-770x513.jpg 770w, https:\/\/times.cd\/wp-content\/uploads\/2026\/08\/FB_IMG_1788173680856-1-440x294.jpg 440w, https:\/\/times.cd\/wp-content\/uploads\/2026\/08\/FB_IMG_1788173680856-1-570x380.jpg 570w, https:\/\/times.cd\/wp-content\/uploads\/2026\/08\/FB_IMG_1788173680856-1-170x113.jpg 170w, https:\/\/times.cd\/wp-content\/uploads\/2026\/08\/FB_IMG_1788173680856-1.jpg 1280w\" sizes=\"(max-width: 370px) 100vw, 370px\" \/>\t\t\t\t\t\t\t\t\t\t\t\t\t<\/a>\r\n\t\t\t\t\t\t\t\t\t\t\t\t<\/div>\r\n\t\t\t\t\t\t\t\t\t\t\t\t\t\t\t\t\t\t\t\t\t\t<div class=\"entry-content\">\r\n\t\t\t\t\t\t\t\t\t\t\t<div class=\"entry-header\">\r\n\t\t\t\t\t\t\t\t\t\t\t\t\t\t\t\t\t\t\t\t\t\t\t\t\t<span class=\"post-category\">\r\n\t\t\t\t\t\t\t\t\t\t\t\t\t\t<a href=\"https:\/\/times.cd\/index.php\/category\/politique\/\" rel=\"category tag\">politique<\/a>\t\t\t\t\t\t\t\t\t\t\t\t\t<\/span>\r\n\t\t\t\t\t\t\t\t\t\t\t\t\t\t\t\t\t\t\t\t\t\t\t\t\t<h3 class=\"entry-title\">\r\n\t\t\t\t\t\t\t\t\t\t\t\t\t<a href=\"https:\/\/times.cd\/index.php\/2026\/08\/31\/mbujimayi-une-ceremonie-de-foi-un-bilan-et-une-demande-de-lumiere\/\" title=\"Mbujimayi : une c\u00e9r\u00e9monie de foi, un bilan et une demande de lumi\u00e8re\">Mbujimayi : une c\u00e9r\u00e9monie de foi, un bilan et une demande de lumi\u00e8re<\/a>\r\n\t\t\t\t\t\t\t\t\t\t\t\t<\/h3>\r\n\t\t\t\t\t\t\t\t\t\t\t<\/div>\r\n\t\t\t\t\t\t\t\t\t\t\t<p>\u00c0 Mbujimayi, la foi a occup\u00e9 le devant de la sc\u00e8ne ce dimanche 30 ao\u00fbt 2026, mais les pr\u00e9occupations du quotidien ont rapidement trouv\u00e9 leur ...<\/p>\r\n\t\t\t\t\t\t\t\t\t\t\t<a href=\"https:\/\/times.cd\/index.php\/2026\/08\/31\/mbujimayi-une-ceremonie-de-foi-un-bilan-et-une-demande-de-lumiere\/\" title=\"Read More\">\r\n\t\t\t\t\t\t\t\t\t\t\t\tRead More\t\t\t\t\t\t\t\t\t\t\t<\/a>\r\n\t\t\t\t\t\t\t\t\t\t<\/div>\r\n\t\t\t\t\t\t\t\t\t<\/div>\r\n\t\t\t\t\t\t\t\t<\/div>\r\n\t\t\t\t\t\t\t\t\t\t\t\t\t\t\t\t<div class=\"col-lg-4 col-md-6 col-sm-6\">\r\n\t\t\t\t\t\t\t\t\t<div class=\"post-12345 post type-post status-publish format-standard has-post-thumbnail hentry category-politique\">\r\n\t\t\t\t\t\t\t\t\t\t\t\t\t\t\t\t\t\t\t\t\t\t<div class=\"entry-cover\">\r\n\t\t\t\t\t\t\t\t\t\t\t\t\t<div class=\"post-meta\">\r\n\t\t\t\t\t\t\t\t\t\t\t\t\t\t<span class=\"byline\">by\t\t\t\t\t\t\t\t\t\t\t\t\t\t\t<a href=\"https:\/\/times.cd\/index.php\/author\/times_cd\/\" title=\"times_cd\">times_cd<\/a>\r\n\t\t\t\t\t\t\t\t\t\t\t\t\t\t<\/span>\r\n\t\t\t\t\t\t\t\t\t\t\t\t\t\t<span class=\"post-date\">\r\n\t\t\t\t\t\t\t\t\t\t\t\t\t\t\t<a href=\"https:\/\/times.cd\/index.php\/2026\/08\/31\/bceco-25-ans-au-service-des-projets-structurants-en-rdc\/\">31\/08\/2026<\/a>\r\n\t\t\t\t\t\t\t\t\t\t\t\t\t\t<\/span>\r\n\t\t\t\t\t\t\t\t\t\t\t\t\t<\/div>\r\n\t\t\t\t\t\t\t\t\t\t\t\t\t<a href=\"https:\/\/times.cd\/index.php\/2026\/08\/31\/bceco-25-ans-au-service-des-projets-structurants-en-rdc\/\">\r\n\t\t\t\t\t\t\t\t\t\t\t\t\t\t<img loading=\"lazy\" decoding=\"async\" width=\"370\" height=\"247\" src=\"https:\/\/times.cd\/wp-content\/uploads\/2026\/08\/IMG-20260830-WA00411-370x247.jpg\" class=\"attachment-minimag_370_247 size-minimag_370_247 wp-post-image\" alt=\"\" srcset=\"https:\/\/times.cd\/wp-content\/uploads\/2026\/08\/IMG-20260830-WA00411-370x247.jpg 370w, https:\/\/times.cd\/wp-content\/uploads\/2026\/08\/IMG-20260830-WA00411-345x230.jpg 345w, https:\/\/times.cd\/wp-content\/uploads\/2026\/08\/IMG-20260830-WA00411-770x513.jpg 770w, https:\/\/times.cd\/wp-content\/uploads\/2026\/08\/IMG-20260830-WA00411-440x294.jpg 440w, https:\/\/times.cd\/wp-content\/uploads\/2026\/08\/IMG-20260830-WA00411-570x380.jpg 570w, https:\/\/times.cd\/wp-content\/uploads\/2026\/08\/IMG-20260830-WA00411-170x113.jpg 170w\" sizes=\"(max-width: 370px) 100vw, 370px\" \/>\t\t\t\t\t\t\t\t\t\t\t\t\t<\/a>\r\n\t\t\t\t\t\t\t\t\t\t\t\t<\/div>\r\n\t\t\t\t\t\t\t\t\t\t\t\t\t\t\t\t\t\t\t\t\t\t<div class=\"entry-content\">\r\n\t\t\t\t\t\t\t\t\t\t\t<div class=\"entry-header\">\r\n\t\t\t\t\t\t\t\t\t\t\t\t\t\t\t\t\t\t\t\t\t\t\t\t\t<span class=\"post-category\">\r\n\t\t\t\t\t\t\t\t\t\t\t\t\t\t<a href=\"https:\/\/times.cd\/index.php\/category\/politique\/\" rel=\"category tag\">politique<\/a>\t\t\t\t\t\t\t\t\t\t\t\t\t<\/span>\r\n\t\t\t\t\t\t\t\t\t\t\t\t\t\t\t\t\t\t\t\t\t\t\t\t\t<h3 class=\"entry-title\">\r\n\t\t\t\t\t\t\t\t\t\t\t\t\t<a href=\"https:\/\/times.cd\/index.php\/2026\/08\/31\/bceco-25-ans-au-service-des-projets-structurants-en-rdc\/\" title=\"Bceco : 25 ans au service des projets structurants en rdc\">Bceco : 25 ans au service des projets structurants en rdc<\/a>\r\n\t\t\t\t\t\t\t\t\t\t\t\t<\/h3>\r\n\t\t\t\t\t\t\t\t\t\t\t<\/div>\r\n\t\t\t\t\t\t\t\t\t\t\t<p>Le Bureau central de coordination (BCECO) a marqu\u00e9 d\u2019une pierre blanche son 25e anniversaire \u00e0 Kinshasa. Cr\u00e9\u00e9e le 8 ao\u00fbt 2001, cette institution publique plac\u00e9e ...<\/p>\r\n\t\t\t\t\t\t\t\t\t\t\t<a href=\"https:\/\/times.cd\/index.php\/2026\/08\/31\/bceco-25-ans-au-service-des-projets-structurants-en-rdc\/\" title=\"Read More\">\r\n\t\t\t\t\t\t\t\t\t\t\t\tRead More\t\t\t\t\t\t\t\t\t\t\t<\/a>\r\n\t\t\t\t\t\t\t\t\t\t<\/div>\r\n\t\t\t\t\t\t\t\t\t<\/div>\r\n\t\t\t\t\t\t\t\t<\/div>\r\n\t\t\t\t\t\t\t\t\t\t\t\t\t\t\t\t<div class=\"col-lg-4 col-md-6 col-sm-6\">\r\n\t\t\t\t\t\t\t\t\t<div class=\"post-12341 post type-post status-publish format-standard has-post-thumbnail hentry category-politique\">\r\n\t\t\t\t\t\t\t\t\t\t\t\t\t\t\t\t\t\t\t\t\t\t<div class=\"entry-cover\">\r\n\t\t\t\t\t\t\t\t\t\t\t\t\t<div class=\"post-meta\">\r\n\t\t\t\t\t\t\t\t\t\t\t\t\t\t<span class=\"byline\">by\t\t\t\t\t\t\t\t\t\t\t\t\t\t\t<a href=\"https:\/\/times.cd\/index.php\/author\/times_cd\/\" title=\"times_cd\">times_cd<\/a>\r\n\t\t\t\t\t\t\t\t\t\t\t\t\t\t<\/span>\r\n\t\t\t\t\t\t\t\t\t\t\t\t\t\t<span class=\"post-date\">\r\n\t\t\t\t\t\t\t\t\t\t\t\t\t\t\t<a href=\"https:\/\/times.cd\/index.php\/2026\/08\/30\/dialogue-national-jose-mpanda-sort-lartillerie-politique-de-congo-espoir-2\/\">30\/08\/2026<\/a>\r\n\t\t\t\t\t\t\t\t\t\t\t\t\t\t<\/span>\r\n\t\t\t\t\t\t\t\t\t\t\t\t\t<\/div>\r\n\t\t\t\t\t\t\t\t\t\t\t\t\t<a href=\"https:\/\/times.cd\/index.php\/2026\/08\/30\/dialogue-national-jose-mpanda-sort-lartillerie-politique-de-congo-espoir-2\/\">\r\n\t\t\t\t\t\t\t\t\t\t\t\t\t\t<img loading=\"lazy\" decoding=\"async\" width=\"370\" height=\"247\" src=\"https:\/\/times.cd\/wp-content\/uploads\/2026\/08\/congo-espoir-1-370x247.jpg\" class=\"attachment-minimag_370_247 size-minimag_370_247 wp-post-image\" alt=\"\" srcset=\"https:\/\/times.cd\/wp-content\/uploads\/2026\/08\/congo-espoir-1-370x247.jpg 370w, https:\/\/times.cd\/wp-content\/uploads\/2026\/08\/congo-espoir-1-300x200.jpg 300w, https:\/\/times.cd\/wp-content\/uploads\/2026\/08\/congo-espoir-1-768x512.jpg 768w, https:\/\/times.cd\/wp-content\/uploads\/2026\/08\/congo-espoir-1-345x230.jpg 345w, https:\/\/times.cd\/wp-content\/uploads\/2026\/08\/congo-espoir-1-770x513.jpg 770w, https:\/\/times.cd\/wp-content\/uploads\/2026\/08\/congo-espoir-1-440x294.jpg 440w, https:\/\/times.cd\/wp-content\/uploads\/2026\/08\/congo-espoir-1-570x380.jpg 570w, https:\/\/times.cd\/wp-content\/uploads\/2026\/08\/congo-espoir-1-170x113.jpg 170w, https:\/\/times.cd\/wp-content\/uploads\/2026\/08\/congo-espoir-1.jpg 800w\" sizes=\"(max-width: 370px) 100vw, 370px\" \/>\t\t\t\t\t\t\t\t\t\t\t\t\t<\/a>\r\n\t\t\t\t\t\t\t\t\t\t\t\t<\/div>\r\n\t\t\t\t\t\t\t\t\t\t\t\t\t\t\t\t\t\t\t\t\t\t<div class=\"entry-content\">\r\n\t\t\t\t\t\t\t\t\t\t\t<div class=\"entry-header\">\r\n\t\t\t\t\t\t\t\t\t\t\t\t\t\t\t\t\t\t\t\t\t\t\t\t\t<span class=\"post-category\">\r\n\t\t\t\t\t\t\t\t\t\t\t\t\t\t<a href=\"https:\/\/times.cd\/index.php\/category\/politique\/\" rel=\"category tag\">politique<\/a>\t\t\t\t\t\t\t\t\t\t\t\t\t<\/span>\r\n\t\t\t\t\t\t\t\t\t\t\t\t\t\t\t\t\t\t\t\t\t\t\t\t\t<h3 class=\"entry-title\">\r\n\t\t\t\t\t\t\t\t\t\t\t\t\t<a href=\"https:\/\/times.cd\/index.php\/2026\/08\/30\/dialogue-national-jose-mpanda-sort-lartillerie-politique-de-congo-espoir-2\/\" title=\"Dialogue national : Jos\u00e9 Mpanda sort l\u2019artillerie politique de Congo Espoir\">Dialogue national : Jos\u00e9 Mpanda sort l\u2019artillerie politique de Congo Espoir<\/a>\r\n\t\t\t\t\t\t\t\t\t\t\t\t<\/h3>\r\n\t\t\t\t\t\t\t\t\t\t\t<\/div>\r\n\t\t\t\t\t\t\t\t\t\t\t<p>\u00c0 peine F\u00e9lix Tshisekedi a-t-il prononc\u00e9 le mot \"dialogue\" que Jos\u00e9 Mpanda Kabangu a d\u00e9j\u00e0 sonn\u00e9 la mobilisation g\u00e9n\u00e9rale. Chez Congo Espoir, on ne dialogue ...<\/p>\r\n\t\t\t\t\t\t\t\t\t\t\t<a href=\"https:\/\/times.cd\/index.php\/2026\/08\/30\/dialogue-national-jose-mpanda-sort-lartillerie-politique-de-congo-espoir-2\/\" title=\"Read More\">\r\n\t\t\t\t\t\t\t\t\t\t\t\tRead More\t\t\t\t\t\t\t\t\t\t\t<\/a>\r\n\t\t\t\t\t\t\t\t\t\t<\/div>\r\n\t\t\t\t\t\t\t\t\t<\/div>\r\n\t\t\t\t\t\t\t\t<\/div>\r\n\t\t\t\t\t\t\t\t\t\t\t\t\t\t\t\t<div class=\"col-lg-4 col-md-6 col-sm-6\">\r\n\t\t\t\t\t\t\t\t\t<div class=\"post-12338 post type-post status-publish format-standard has-post-thumbnail hentry category-politique\">\r\n\t\t\t\t\t\t\t\t\t\t\t\t\t\t\t\t\t\t\t\t\t\t<div class=\"entry-cover\">\r\n\t\t\t\t\t\t\t\t\t\t\t\t\t<div class=\"post-meta\">\r\n\t\t\t\t\t\t\t\t\t\t\t\t\t\t<span class=\"byline\">by\t\t\t\t\t\t\t\t\t\t\t\t\t\t\t<a href=\"https:\/\/times.cd\/index.php\/author\/times_cd\/\" title=\"times_cd\">times_cd<\/a>\r\n\t\t\t\t\t\t\t\t\t\t\t\t\t\t<\/span>\r\n\t\t\t\t\t\t\t\t\t\t\t\t\t\t<span class=\"post-date\">\r\n\t\t\t\t\t\t\t\t\t\t\t\t\t\t\t<a href=\"https:\/\/times.cd\/index.php\/2026\/08\/30\/dialogue-national-jose-mpanda-sort-lartillerie-politique-de-congo-espoir\/\">30\/08\/2026<\/a>\r\n\t\t\t\t\t\t\t\t\t\t\t\t\t\t<\/span>\r\n\t\t\t\t\t\t\t\t\t\t\t\t\t<\/div>\r\n\t\t\t\t\t\t\t\t\t\t\t\t\t<a href=\"https:\/\/times.cd\/index.php\/2026\/08\/30\/dialogue-national-jose-mpanda-sort-lartillerie-politique-de-congo-espoir\/\">\r\n\t\t\t\t\t\t\t\t\t\t\t\t\t\t<img loading=\"lazy\" decoding=\"async\" width=\"370\" height=\"247\" src=\"https:\/\/times.cd\/wp-content\/uploads\/2026\/08\/congo-espoir-370x247.jpg\" class=\"attachment-minimag_370_247 size-minimag_370_247 wp-post-image\" alt=\"\" srcset=\"https:\/\/times.cd\/wp-content\/uploads\/2026\/08\/congo-espoir-370x247.jpg 370w, https:\/\/times.cd\/wp-content\/uploads\/2026\/08\/congo-espoir-300x200.jpg 300w, https:\/\/times.cd\/wp-content\/uploads\/2026\/08\/congo-espoir-768x512.jpg 768w, https:\/\/times.cd\/wp-content\/uploads\/2026\/08\/congo-espoir-345x230.jpg 345w, https:\/\/times.cd\/wp-content\/uploads\/2026\/08\/congo-espoir-770x513.jpg 770w, https:\/\/times.cd\/wp-content\/uploads\/2026\/08\/congo-espoir-440x294.jpg 440w, https:\/\/times.cd\/wp-content\/uploads\/2026\/08\/congo-espoir-570x380.jpg 570w, https:\/\/times.cd\/wp-content\/uploads\/2026\/08\/congo-espoir-170x113.jpg 170w, https:\/\/times.cd\/wp-content\/uploads\/2026\/08\/congo-espoir.jpg 800w\" sizes=\"(max-width: 370px) 100vw, 370px\" \/>\t\t\t\t\t\t\t\t\t\t\t\t\t<\/a>\r\n\t\t\t\t\t\t\t\t\t\t\t\t<\/div>\r\n\t\t\t\t\t\t\t\t\t\t\t\t\t\t\t\t\t\t\t\t\t\t<div class=\"entry-content\">\r\n\t\t\t\t\t\t\t\t\t\t\t<div class=\"entry-header\">\r\n\t\t\t\t\t\t\t\t\t\t\t\t\t\t\t\t\t\t\t\t\t\t\t\t\t<span class=\"post-category\">\r\n\t\t\t\t\t\t\t\t\t\t\t\t\t\t<a href=\"https:\/\/times.cd\/index.php\/category\/politique\/\" rel=\"category tag\">politique<\/a>\t\t\t\t\t\t\t\t\t\t\t\t\t<\/span>\r\n\t\t\t\t\t\t\t\t\t\t\t\t\t\t\t\t\t\t\t\t\t\t\t\t\t<h3 class=\"entry-title\">\r\n\t\t\t\t\t\t\t\t\t\t\t\t\t<a href=\"https:\/\/times.cd\/index.php\/2026\/08\/30\/dialogue-national-jose-mpanda-sort-lartillerie-politique-de-congo-espoir\/\" title=\"Dialogue national : Jos\u00e9 Mpanda sort l\u2019artillerie politique de Congo Espoir\">Dialogue national : Jos\u00e9 Mpanda sort l\u2019artillerie politique de Congo Espoir<\/a>\r\n\t\t\t\t\t\t\t\t\t\t\t\t<\/h3>\r\n\t\t\t\t\t\t\t\t\t\t\t<\/div>\r\n\t\t\t\t\t\t\t\t\t\t\t<p>\u00c0 peine F\u00e9lix Tshisekedi a-t-il prononc\u00e9 le mot \"dialogue\" que Jos\u00e9 Mpanda Kabangu a d\u00e9j\u00e0 sonn\u00e9 la mobilisation g\u00e9n\u00e9rale. Chez Congo Espoir, on ne dialogue ...<\/p>\r\n\t\t\t\t\t\t\t\t\t\t\t<a href=\"https:\/\/times.cd\/index.php\/2026\/08\/30\/dialogue-national-jose-mpanda-sort-lartillerie-politique-de-congo-espoir\/\" title=\"Read More\">\r\n\t\t\t\t\t\t\t\t\t\t\t\tRead More\t\t\t\t\t\t\t\t\t\t\t<\/a>\r\n\t\t\t\t\t\t\t\t\t\t<\/div>\r\n\t\t\t\t\t\t\t\t\t<\/div>\r\n\t\t\t\t\t\t\t\t<\/div>\r\n\t\t\t\t\t\t\t\t<\/div><!-- Row \/- -->\n\t<nav class=\"navigation pagination\" aria-label=\"Publications\">\n\t\t<h2 class=\"screen-reader-text\">Navigation des articles<\/h2>\n\t\t<div class=\"nav-links\"><span aria-current=\"page\" class=\"page-numbers current\"><span class=\"meta-nav screen-reader-text\">Page <\/span>1<\/span>\n<a class=\"page-numbers\" href=\"https:\/\/times.cd\/index.php\/wp-json\/wp\/v2\/pages\/1317\/page\/2\/\"><span class=\"meta-nav screen-reader-text\">Page <\/span>2<\/a>\n<span class=\"page-numbers dots\">\u2026<\/span>\n<a class=\"page-numbers\" href=\"https:\/\/times.cd\/index.php\/wp-json\/wp\/v2\/pages\/1317\/page\/118\/\"><span class=\"meta-nav screen-reader-text\">Page <\/span>118<\/a>\n<a class=\"next page-numbers\" href=\"https:\/\/times.cd\/index.php\/wp-json\/wp\/v2\/pages\/1317\/page\/2\/\">Next<\/a><\/div>\n\t<\/nav>\t\t\t\t<\/div><!-- Content Area \/- -->\r\n\t\t\t<\/div>\r\n\t\t<\/div><!-- Container \/- -->\r\n\t<\/div><!-- Page Content \/- -->\r\n\t\r\n\t[\/vc_column][\/vc_row]<\/p>\n","protected":false},"excerpt":{"rendered":"<p>[vc_row][vc_column cnt_spacing=\u00a0\u00bbno\u00a0\u00bb][\/vc_column][\/vc_row][vc_row spadding=\u00a0\u00bbspaddingtop\u00a0\u00bb][vc_column][\/vc_column][\/vc_row]<\/p>\n","protected":false},"author":1,"featured_media":0,"parent":0,"menu_order":0,"comment_status":"closed","ping_status":"closed","template":"","meta":{"footnotes":""},"_links":{"self":[{"href":"https:\/\/times.cd\/index.php\/wp-json\/wp\/v2\/pages\/1317"}],"collection":[{"href":"https:\/\/times.cd\/index.php\/wp-json\/wp\/v2\/pages"}],"about":[{"href":"https:\/\/times.cd\/index.php\/wp-json\/wp\/v2\/types\/page"}],"author":[{"embeddable":true,"href":"https:\/\/times.cd\/index.php\/wp-json\/wp\/v2\/users\/1"}],"replies":[{"embeddable":true,"href":"https:\/\/times.cd\/index.php\/wp-json\/wp\/v2\/comments?post=1317"}],"version-history":[{"count":37,"href":"https:\/\/times.cd\/index.php\/wp-json\/wp\/v2\/pages\/1317\/revisions"}],"predecessor-version":[{"id":1397,"href":"https:\/\/times.cd\/index.php\/wp-json\/wp\/v2\/pages\/1317\/revisions\/1397"}],"wp:attachment":[{"href":"https:\/\/times.cd\/index.php\/wp-json\/wp\/v2\/media?parent=1317"}],"curies":[{"name":"wp","href":"https:\/\/api.w.org\/{rel}","templated":true}]}}